{"id":15,"date":"2019-04-27T17:32:59","date_gmt":"2019-04-27T22:32:59","guid":{"rendered":"http:\/\/metropolisconference.acerspyro.ca\/?page_id=15"},"modified":"2026-04-16T16:57:43","modified_gmt":"2026-04-16T20:57:43","slug":"awards","status":"publish","type":"page","link":"https:\/\/metropolisconference.ca\/en\/awards\/","title":{"rendered":"Awards of Excellence"},"content":{"rendered":"\n<h2 class=\"wp-block-heading\">The Metropolis CANADA Awards of Excellence<\/h2>\n\n\n\n<p>Winners of Metropolis Awards of Excellence are recognised for their outstanding contributions to the field of immigration and settlement in Canada.<\/p>\n\n\n\n<div style=\"height:20px\" aria-hidden=\"true\" class=\"wp-block-spacer\"><\/div>\n\n\n\n<hr class=\"wp-block-separator has-css-opacity\"\/>\n\n\n\n<h2 class=\"wp-block-heading\">2026 METROPOLIS CANADA AWARD WINNERS<\/h2>\n\n\n\n<div class=\"wp-block-media-text alignwide is-stacked-on-mobile\" style=\"grid-template-columns:21% auto\"><figure class=\"wp-block-media-text__media\"><img loading=\"lazy\" decoding=\"async\" width=\"900\" height=\"900\" src=\"https:\/\/metropolisconference.ca\/wp-content\/uploads\/2026\/04\/rupa-banerjee.jpg\" alt=\"\" class=\"wp-image-24032 size-full\" srcset=\"https:\/\/metropolisconference.ca\/wp-content\/uploads\/2026\/04\/rupa-banerjee.jpg 900w, https:\/\/metropolisconference.ca\/wp-content\/uploads\/2026\/04\/rupa-banerjee-300x300.jpg 300w, https:\/\/metropolisconference.ca\/wp-content\/uploads\/2026\/04\/rupa-banerjee-150x150.jpg 150w, https:\/\/metropolisconference.ca\/wp-content\/uploads\/2026\/04\/rupa-banerjee-768x768.jpg 768w, https:\/\/metropolisconference.ca\/wp-content\/uploads\/2026\/04\/rupa-banerjee-600x600.jpg 600w, https:\/\/metropolisconference.ca\/wp-content\/uploads\/2026\/04\/rupa-banerjee-100x100.jpg 100w\" sizes=\"auto, (max-width: 900px) 100vw, 900px\" \/><\/figure><div class=\"wp-block-media-text__content\">\n<h3 class=\"wp-block-heading\"><strong>METROPOLIS RESEARCHER AWARD RECIPIENT<\/strong><\/h3>\n\n\n\n<p><strong><mark style=\"background-color:rgba(0, 0, 0, 0);color:#2ab9b9\" class=\"has-inline-color\"><strong>Dr. Rupa Banerjee<\/strong><\/mark><\/strong><\/p>\n\n\n\n<p>Canada Chair in Economic Inclusion, Employment &amp; Entrepreneurship of Canada`s Immigrants, Toronto Metropolitan University<\/p>\n<\/div><\/div>\n\n\n\n<div style=\"height:20px\" aria-hidden=\"true\" class=\"wp-block-spacer\"><\/div>\n\n\n\n<div class=\"wp-block-media-text alignwide is-stacked-on-mobile\" style=\"grid-template-columns:21% auto\"><figure class=\"wp-block-media-text__media\"><img loading=\"lazy\" decoding=\"async\" width=\"1024\" height=\"1024\" src=\"https:\/\/metropolisconference.ca\/wp-content\/uploads\/2026\/04\/Paula-Knight2-1-1024x1024.jpg\" alt=\"\" class=\"wp-image-24030 size-full\" srcset=\"https:\/\/metropolisconference.ca\/wp-content\/uploads\/2026\/04\/Paula-Knight2-1-1024x1024.jpg 1024w, https:\/\/metropolisconference.ca\/wp-content\/uploads\/2026\/04\/Paula-Knight2-1-300x300.jpg 300w, https:\/\/metropolisconference.ca\/wp-content\/uploads\/2026\/04\/Paula-Knight2-1-150x150.jpg 150w, https:\/\/metropolisconference.ca\/wp-content\/uploads\/2026\/04\/Paula-Knight2-1-768x768.jpg 768w, https:\/\/metropolisconference.ca\/wp-content\/uploads\/2026\/04\/Paula-Knight2-1-600x600.jpg 600w, https:\/\/metropolisconference.ca\/wp-content\/uploads\/2026\/04\/Paula-Knight2-1-100x100.jpg 100w, https:\/\/metropolisconference.ca\/wp-content\/uploads\/2026\/04\/Paula-Knight2-1.jpg 1178w\" sizes=\"auto, (max-width: 1024px) 100vw, 1024px\" \/><\/figure><div class=\"wp-block-media-text__content\">\n<h3 class=\"wp-block-heading\"><strong>METROPOLIS SERVICE PROVIDER AWARD RECIPIENT<\/strong><\/h3>\n\n\n\n<p><strong><mark style=\"background-color:rgba(0, 0, 0, 0);color:#2ab9b9\" class=\"has-inline-color\"><strong>Paula Knight<\/strong><\/mark><\/strong><\/p>\n\n\n\n<p>CEO, Immigrant Services Association of Nova Scotia (ISANS) and Chair of the Atlantic Region Association of Immigrant Serving Agencies (ARAISA)<\/p>\n<\/div><\/div>\n\n\n\n<div style=\"height:20px\" aria-hidden=\"true\" class=\"wp-block-spacer\"><\/div>\n\n\n\n<div class=\"wp-block-media-text alignwide is-stacked-on-mobile\" style=\"grid-template-columns:21% auto\"><figure class=\"wp-block-media-text__media\"><img loading=\"lazy\" decoding=\"async\" width=\"433\" height=\"433\" src=\"https:\/\/metropolisconference.ca\/wp-content\/uploads\/2026\/04\/Catherine-Scott-headshot-2025-1.jpg\" alt=\"\" class=\"wp-image-24028 size-full\" srcset=\"https:\/\/metropolisconference.ca\/wp-content\/uploads\/2026\/04\/Catherine-Scott-headshot-2025-1.jpg 433w, https:\/\/metropolisconference.ca\/wp-content\/uploads\/2026\/04\/Catherine-Scott-headshot-2025-1-300x300.jpg 300w, https:\/\/metropolisconference.ca\/wp-content\/uploads\/2026\/04\/Catherine-Scott-headshot-2025-1-150x150.jpg 150w, https:\/\/metropolisconference.ca\/wp-content\/uploads\/2026\/04\/Catherine-Scott-headshot-2025-1-100x100.jpg 100w\" sizes=\"auto, (max-width: 433px) 100vw, 433px\" \/><\/figure><div class=\"wp-block-media-text__content\">\n<h3 class=\"wp-block-heading\"><strong>METROPOLIS POLICY MAKER AWARD RECIPIENT<\/strong><\/h3>\n\n\n\n<p><strong><mark style=\"background-color:rgba(0, 0, 0, 0);color:#2ab9b9\" class=\"has-inline-color\"><strong>Catherine Scott<\/strong><\/mark><\/strong><\/p>\n\n\n\n<p>Assistant Deputy Minister, Settlement and Citizens at Immigration, Refugees and Citizenship Canada (IRCC)<\/p>\n<\/div><\/div>\n\n\n\n<hr class=\"wp-block-separator has-css-opacity\"\/>\n\n\n\n<h2 class=\"wp-block-heading\">2025 METROPOLIS CANADA AWARD WINNERS<\/h2>\n\n\n\n<div class=\"wp-block-media-text alignwide is-stacked-on-mobile\" style=\"grid-template-columns:21% auto\"><figure class=\"wp-block-media-text__media\"><img loading=\"lazy\" decoding=\"async\" width=\"1024\" height=\"1024\" src=\"https:\/\/metropolisconference.ca\/wp-content\/uploads\/2026\/04\/luisaveronis-1024x1024.webp\" alt=\"\" class=\"wp-image-24026 size-full\" srcset=\"https:\/\/metropolisconference.ca\/wp-content\/uploads\/2026\/04\/luisaveronis-1024x1024.webp 1024w, https:\/\/metropolisconference.ca\/wp-content\/uploads\/2026\/04\/luisaveronis-300x300.webp 300w, https:\/\/metropolisconference.ca\/wp-content\/uploads\/2026\/04\/luisaveronis-150x150.webp 150w, https:\/\/metropolisconference.ca\/wp-content\/uploads\/2026\/04\/luisaveronis-768x768.webp 768w, https:\/\/metropolisconference.ca\/wp-content\/uploads\/2026\/04\/luisaveronis-1536x1536.webp 1536w, https:\/\/metropolisconference.ca\/wp-content\/uploads\/2026\/04\/luisaveronis-2048x2048.webp 2048w, https:\/\/metropolisconference.ca\/wp-content\/uploads\/2026\/04\/luisaveronis-600x600.webp 600w, https:\/\/metropolisconference.ca\/wp-content\/uploads\/2026\/04\/luisaveronis-100x100.webp 100w\" sizes=\"auto, (max-width: 1024px) 100vw, 1024px\" \/><\/figure><div class=\"wp-block-media-text__content\">\n<h3 class=\"wp-block-heading\"><strong>METROPOLIS RESEARCHER AWARD RECIPIENT<\/strong><\/h3>\n\n\n\n<p><strong><mark style=\"background-color:rgba(0, 0, 0, 0);color:#2ab9b9\" class=\"has-inline-color\"><strong>Luisa Veronis<\/strong><\/mark><\/strong><\/p>\n\n\n\n<p>Professor, Department of Geography, Environment and Geomatics, University of Ottawa.<\/p>\n<\/div><\/div>\n\n\n\n<div style=\"height:20px\" aria-hidden=\"true\" class=\"wp-block-spacer\"><\/div>\n\n\n\n<div class=\"wp-block-media-text alignwide is-stacked-on-mobile\" style=\"grid-template-columns:21% auto\"><figure class=\"wp-block-media-text__media\"><img loading=\"lazy\" decoding=\"async\" width=\"359\" height=\"359\" src=\"https:\/\/metropolisconference.ca\/wp-content\/uploads\/2026\/04\/elise-herzig.jpg\" alt=\"\" class=\"wp-image-24024 size-full\" srcset=\"https:\/\/metropolisconference.ca\/wp-content\/uploads\/2026\/04\/elise-herzig.jpg 359w, https:\/\/metropolisconference.ca\/wp-content\/uploads\/2026\/04\/elise-herzig-300x300.jpg 300w, https:\/\/metropolisconference.ca\/wp-content\/uploads\/2026\/04\/elise-herzig-150x150.jpg 150w, https:\/\/metropolisconference.ca\/wp-content\/uploads\/2026\/04\/elise-herzig-100x100.jpg 100w\" sizes=\"auto, (max-width: 359px) 100vw, 359px\" \/><\/figure><div class=\"wp-block-media-text__content\">\n<h3 class=\"wp-block-heading\"><strong>METROPOLIS SERVICE PROVIDER AWARD RECIPIENT<\/strong><\/h3>\n\n\n\n<p><strong><mark style=\"background-color:rgba(0, 0, 0, 0);color:#2ab9b9\" class=\"has-inline-color\"><strong>Elise Herzig<\/strong><\/mark><\/strong><\/p>\n\n\n\n<p>Executive Director\/ Directeur Executif at the JIAS (Jewish Immigrant Aid Services) Toronto<\/p>\n<\/div><\/div>\n\n\n\n<div style=\"height:20px\" aria-hidden=\"true\" class=\"wp-block-spacer\"><\/div>\n\n\n\n<div class=\"wp-block-media-text alignwide is-stacked-on-mobile\" style=\"grid-template-columns:21% auto\"><figure class=\"wp-block-media-text__media\"><img loading=\"lazy\" decoding=\"async\" width=\"578\" height=\"578\" src=\"https:\/\/metropolisconference.ca\/wp-content\/uploads\/2026\/04\/lloyd-axworthy.jpg2_.jpg\" alt=\"\" class=\"wp-image-24022 size-full\" srcset=\"https:\/\/metropolisconference.ca\/wp-content\/uploads\/2026\/04\/lloyd-axworthy.jpg2_.jpg 578w, https:\/\/metropolisconference.ca\/wp-content\/uploads\/2026\/04\/lloyd-axworthy.jpg2_-300x300.jpg 300w, https:\/\/metropolisconference.ca\/wp-content\/uploads\/2026\/04\/lloyd-axworthy.jpg2_-150x150.jpg 150w, https:\/\/metropolisconference.ca\/wp-content\/uploads\/2026\/04\/lloyd-axworthy.jpg2_-100x100.jpg 100w\" sizes=\"auto, (max-width: 578px) 100vw, 578px\" \/><\/figure><div class=\"wp-block-media-text__content\">\n<h3 class=\"wp-block-heading\"><strong>METROPOLIS POLICY MAKER AWARD RECIPIENT<\/strong><\/h3>\n\n\n\n<p><strong><mark style=\"background-color:rgba(0, 0, 0, 0);color:#2ab9b9\" class=\"has-inline-color\"><strong>Lloyd Axworthy<\/strong><\/mark><\/strong><\/p>\n\n\n\n<p>Chair of the World Refugee &amp; Migration Council, Statesman, author, former member of Parliament and Minister of foreign affairs , Officer of the order of Canada<\/p>\n<\/div><\/div>\n\n\n\n<p><\/p>\n\n\n\n<hr class=\"wp-block-separator has-css-opacity\"\/>\n\n\n\n<h2 class=\"wp-block-heading\">2024 METROPOLIS CANADA AWARD WINNERS<\/h2>\n\n\n\n<div class=\"wp-block-media-text alignwide is-stacked-on-mobile\" style=\"grid-template-columns:21% auto\"><figure class=\"wp-block-media-text__media\"><img loading=\"lazy\" decoding=\"async\" width=\"500\" height=\"500\" src=\"https:\/\/metropolisconference.ca\/wp-content\/uploads\/2026\/04\/yoko_yoshida.webp\" alt=\"\" class=\"wp-image-24040 size-full\" srcset=\"https:\/\/metropolisconference.ca\/wp-content\/uploads\/2026\/04\/yoko_yoshida.webp 500w, https:\/\/metropolisconference.ca\/wp-content\/uploads\/2026\/04\/yoko_yoshida-300x300.webp 300w, https:\/\/metropolisconference.ca\/wp-content\/uploads\/2026\/04\/yoko_yoshida-150x150.webp 150w, https:\/\/metropolisconference.ca\/wp-content\/uploads\/2026\/04\/yoko_yoshida-100x100.webp 100w\" sizes=\"auto, (max-width: 500px) 100vw, 500px\" \/><\/figure><div class=\"wp-block-media-text__content\">\n<h3 class=\"wp-block-heading\"><strong>METROPOLIS RESEARCHER AWARD RECIPIENT<\/strong><\/h3>\n\n\n\n<p><strong><mark style=\"background-color:rgba(0, 0, 0, 0);color:#2ab9b9\" class=\"has-inline-color\"><strong>Yoko Yoshida<\/strong><\/mark><\/strong><\/p>\n\n\n\n<p>Associate Professor, Sociology, Western University<\/p>\n<\/div><\/div>\n\n\n\n<div style=\"height:20px\" aria-hidden=\"true\" class=\"wp-block-spacer\"><\/div>\n\n\n\n<div class=\"wp-block-media-text alignwide is-stacked-on-mobile\" style=\"grid-template-columns:21% auto\"><figure class=\"wp-block-media-text__media\"><img loading=\"lazy\" decoding=\"async\" width=\"300\" height=\"300\" src=\"https:\/\/metropolisconference.ca\/wp-content\/uploads\/2026\/04\/chris-friesen-300x300-1.jpg\" alt=\"\" class=\"wp-image-24036 size-full\" srcset=\"https:\/\/metropolisconference.ca\/wp-content\/uploads\/2026\/04\/chris-friesen-300x300-1.jpg 300w, https:\/\/metropolisconference.ca\/wp-content\/uploads\/2026\/04\/chris-friesen-300x300-1-150x150.jpg 150w, https:\/\/metropolisconference.ca\/wp-content\/uploads\/2026\/04\/chris-friesen-300x300-1-100x100.jpg 100w\" sizes=\"auto, (max-width: 300px) 100vw, 300px\" \/><\/figure><div class=\"wp-block-media-text__content\">\n<h3 class=\"wp-block-heading\"><strong>METROPOLIS SERVICE PROVIDER AWARD RECIPIENT<\/strong><\/h3>\n\n\n\n<p><strong><mark style=\"background-color:rgba(0, 0, 0, 0);color:#2ab9b9\" class=\"has-inline-color\"><strong>Chris Friesen<\/strong><\/mark><\/strong><\/p>\n\n\n\n<p>Chief Operating Officer, Immigrant Services Society of BC<\/p>\n<\/div><\/div>\n\n\n\n<div style=\"height:20px\" aria-hidden=\"true\" class=\"wp-block-spacer\"><\/div>\n\n\n\n<div class=\"wp-block-media-text alignwide is-stacked-on-mobile\" style=\"grid-template-columns:21% auto\"><figure class=\"wp-block-media-text__media\"><img loading=\"lazy\" decoding=\"async\" width=\"300\" height=\"300\" src=\"https:\/\/metropolisconference.ca\/wp-content\/uploads\/2026\/04\/Mohammed_Hashim_300x300.png\" alt=\"\" class=\"wp-image-24038 size-full\" srcset=\"https:\/\/metropolisconference.ca\/wp-content\/uploads\/2026\/04\/Mohammed_Hashim_300x300.png 300w, https:\/\/metropolisconference.ca\/wp-content\/uploads\/2026\/04\/Mohammed_Hashim_300x300-150x150.png 150w, https:\/\/metropolisconference.ca\/wp-content\/uploads\/2026\/04\/Mohammed_Hashim_300x300-100x100.png 100w\" sizes=\"auto, (max-width: 300px) 100vw, 300px\" \/><\/figure><div class=\"wp-block-media-text__content\">\n<h3 class=\"wp-block-heading\"><strong>METROPOLIS POLICY MAKER AWARD RECIPIENT<\/strong><\/h3>\n\n\n\n<p><strong><mark style=\"background-color:rgba(0, 0, 0, 0);color:#2ab9b9\" class=\"has-inline-color\"><strong>Mohammed Hashim<\/strong><\/mark><\/strong><\/p>\n\n\n\n<p>Executive Director, Canadian Race Relations Foundation<\/p>\n<\/div><\/div>\n\n\n\n<hr class=\"wp-block-separator has-css-opacity\"\/>\n\n\n\n<h2 class=\"wp-block-heading\">2023 METROPOLIS CANADA AWARD WINNERS<\/h2>\n\n\n\n<div class=\"wp-block-media-text alignwide is-stacked-on-mobile\" style=\"grid-template-columns:21% auto\"><figure class=\"wp-block-media-text__media\"><img loading=\"lazy\" decoding=\"async\" width=\"277\" height=\"277\" src=\"https:\/\/metropolisconference.ca\/wp-content\/uploads\/2023\/05\/mhaannew.jpg\" alt=\"\" class=\"wp-image-10437 size-full\" srcset=\"https:\/\/metropolisconference.ca\/wp-content\/uploads\/2023\/05\/mhaannew.jpg 277w, https:\/\/metropolisconference.ca\/wp-content\/uploads\/2023\/05\/mhaannew-150x150.jpg 150w, https:\/\/metropolisconference.ca\/wp-content\/uploads\/2023\/05\/mhaannew-100x100.jpg 100w\" sizes=\"auto, (max-width: 277px) 100vw, 277px\" \/><\/figure><div class=\"wp-block-media-text__content\">\n<h3 class=\"wp-block-heading\"><strong>METROPOLIS RESEARCHER AWARD RECIPIENT<\/strong><\/h3>\n\n\n\n<p><strong><mark style=\"background-color:rgba(0, 0, 0, 0);color:#2ab9b9\" class=\"has-inline-color\">Michael Hann<\/mark><\/strong><\/p>\n\n\n\n<p>Associate Professor, Western University, London, Ontario<\/p>\n<\/div><\/div>\n\n\n\n<div style=\"height:20px\" aria-hidden=\"true\" class=\"wp-block-spacer\"><\/div>\n\n\n\n<div class=\"wp-block-media-text alignwide is-stacked-on-mobile\" style=\"grid-template-columns:21% auto\"><figure class=\"wp-block-media-text__media\"><img loading=\"lazy\" decoding=\"async\" width=\"225\" height=\"225\" src=\"https:\/\/metropolisconference.ca\/wp-content\/uploads\/2023\/05\/telechargement.jpg\" alt=\"\" class=\"wp-image-10439 size-full\" srcset=\"https:\/\/metropolisconference.ca\/wp-content\/uploads\/2023\/05\/telechargement.jpg 225w, https:\/\/metropolisconference.ca\/wp-content\/uploads\/2023\/05\/telechargement-150x150.jpg 150w, https:\/\/metropolisconference.ca\/wp-content\/uploads\/2023\/05\/telechargement-100x100.jpg 100w\" sizes=\"auto, (max-width: 225px) 100vw, 225px\" \/><\/figure><div class=\"wp-block-media-text__content\">\n<h3 class=\"wp-block-heading\"><strong>METROPOLIS SERVICE PROVIDER AWARD RECIPIENT<\/strong><\/h3>\n\n\n\n<p><strong><mark style=\"background-color:rgba(0, 0, 0, 0);color:#2ab9b9\" class=\"has-inline-color\">Marjorie Villefranche<\/mark><\/strong><\/p>\n\n\n\n<p>Director, La Maison d\u2019Ha\u00efti, Montr\u00e9al, Qu\u00e9bec<\/p>\n<\/div><\/div>\n\n\n\n<div style=\"height:20px\" aria-hidden=\"true\" class=\"wp-block-spacer\"><\/div>\n\n\n\n<div class=\"wp-block-media-text alignwide is-stacked-on-mobile\" style=\"grid-template-columns:21% auto\"><figure class=\"wp-block-media-text__media\"><img loading=\"lazy\" decoding=\"async\" width=\"179\" height=\"215\" src=\"https:\/\/metropolisconference.ca\/wp-content\/uploads\/2023\/05\/Catrina_Tapley.png\" alt=\"\" class=\"wp-image-10441 size-full\"\/><\/figure><div class=\"wp-block-media-text__content\">\n<h3 class=\"wp-block-heading\"><strong>METROPOLIS POLICY MAKER AWARD RECIPIENT<\/strong><\/h3>\n\n\n\n<p><strong><mark style=\"background-color:rgba(0, 0, 0, 0);color:#2ab9b9\" class=\"has-inline-color\">Catrina Tapley<\/mark><\/strong><\/p>\n\n\n\n<p>Former Deputy Minister, Immigration, Refugees and Citizenship Canada<\/p>\n<\/div><\/div>\n\n\n\n<hr class=\"wp-block-separator has-css-opacity\"\/>\n\n\n\n<h2 class=\"wp-block-heading\">2022 Metropolis CANADA Award Winners<\/h2>\n\n\n\n<div style=\"height:20px\" aria-hidden=\"true\" class=\"wp-block-spacer\"><\/div>\n\n\n\n<div class=\"wp-block-media-text alignwide is-stacked-on-mobile\" style=\"grid-template-columns:21% auto\"><figure class=\"wp-block-media-text__media\"><img loading=\"lazy\" decoding=\"async\" width=\"999\" height=\"998\" src=\"https:\/\/metropolisconference.ca\/wp-content\/uploads\/2022\/07\/Dan-Hiebert-carre.png\" alt=\"\" class=\"wp-image-6706 size-full\" srcset=\"https:\/\/metropolisconference.ca\/wp-content\/uploads\/2022\/07\/Dan-Hiebert-carre.png 999w, https:\/\/metropolisconference.ca\/wp-content\/uploads\/2022\/07\/Dan-Hiebert-carre-300x300.png 300w, https:\/\/metropolisconference.ca\/wp-content\/uploads\/2022\/07\/Dan-Hiebert-carre-150x150.png 150w, https:\/\/metropolisconference.ca\/wp-content\/uploads\/2022\/07\/Dan-Hiebert-carre-768x767.png 768w, https:\/\/metropolisconference.ca\/wp-content\/uploads\/2022\/07\/Dan-Hiebert-carre-600x599.png 600w, https:\/\/metropolisconference.ca\/wp-content\/uploads\/2022\/07\/Dan-Hiebert-carre-100x100.png 100w\" sizes=\"auto, (max-width: 999px) 100vw, 999px\" \/><\/figure><div class=\"wp-block-media-text__content\">\n<h3 class=\"wp-block-heading\"><strong>METROPOLIS RESEARCHER AWARD RECIPIENT<\/strong><\/h3>\n\n\n\n<p><strong><mark style=\"background-color:rgba(0, 0, 0, 0);color:#2ab9b9\" class=\"has-inline-color\">Dan Hiebert<\/mark><\/strong><\/p>\n\n\n\n<p>Professor, University of British Columbia<\/p>\n<\/div><\/div>\n\n\n\n<div style=\"height:20px\" aria-hidden=\"true\" class=\"wp-block-spacer\"><\/div>\n\n\n\n<div class=\"wp-block-media-text alignwide is-stacked-on-mobile\" style=\"grid-template-columns:21% auto\"><figure class=\"wp-block-media-text__media\"><img loading=\"lazy\" decoding=\"async\" width=\"1024\" height=\"913\" src=\"https:\/\/metropolisconference.ca\/wp-content\/uploads\/2022\/07\/Queenie-Choo.jpg\" alt=\"\" class=\"wp-image-6708 size-full\" srcset=\"https:\/\/metropolisconference.ca\/wp-content\/uploads\/2022\/07\/Queenie-Choo.jpg 1024w, https:\/\/metropolisconference.ca\/wp-content\/uploads\/2022\/07\/Queenie-Choo-300x267.jpg 300w, https:\/\/metropolisconference.ca\/wp-content\/uploads\/2022\/07\/Queenie-Choo-768x685.jpg 768w, https:\/\/metropolisconference.ca\/wp-content\/uploads\/2022\/07\/Queenie-Choo-600x535.jpg 600w\" sizes=\"auto, (max-width: 1024px) 100vw, 1024px\" \/><\/figure><div class=\"wp-block-media-text__content\">\n<h3 class=\"wp-block-heading\"><strong>METROPOLIS SERVICE PROVIDER AWARD RECIPIENT<\/strong><\/h3>\n\n\n\n<p><strong><mark style=\"background-color:rgba(0, 0, 0, 0);color:#2ab9b9\" class=\"has-inline-color\">Queenie Choo<\/mark><\/strong><\/p>\n\n\n\n<p>CEO, S.U.C.C.E.S.S, British Columbia<\/p>\n<\/div><\/div>\n\n\n\n<div style=\"height:20px\" aria-hidden=\"true\" class=\"wp-block-spacer\"><\/div>\n\n\n\n<div class=\"wp-block-media-text alignwide is-stacked-on-mobile\" style=\"grid-template-columns:21% auto\"><figure class=\"wp-block-media-text__media\"><img loading=\"lazy\" decoding=\"async\" width=\"1024\" height=\"1024\" src=\"https:\/\/metropolisconference.ca\/wp-content\/uploads\/2022\/07\/Anil-Arora-carre-1024x1024.jpg\" alt=\"\" class=\"wp-image-6710 size-full\" srcset=\"https:\/\/metropolisconference.ca\/wp-content\/uploads\/2022\/07\/Anil-Arora-carre-1024x1024.jpg 1024w, https:\/\/metropolisconference.ca\/wp-content\/uploads\/2022\/07\/Anil-Arora-carre-300x300.jpg 300w, https:\/\/metropolisconference.ca\/wp-content\/uploads\/2022\/07\/Anil-Arora-carre-150x150.jpg 150w, https:\/\/metropolisconference.ca\/wp-content\/uploads\/2022\/07\/Anil-Arora-carre-768x768.jpg 768w, https:\/\/metropolisconference.ca\/wp-content\/uploads\/2022\/07\/Anil-Arora-carre-1536x1536.jpg 1536w, https:\/\/metropolisconference.ca\/wp-content\/uploads\/2022\/07\/Anil-Arora-carre-2048x2048.jpg 2048w, https:\/\/metropolisconference.ca\/wp-content\/uploads\/2022\/07\/Anil-Arora-carre-600x600.jpg 600w, https:\/\/metropolisconference.ca\/wp-content\/uploads\/2022\/07\/Anil-Arora-carre-100x100.jpg 100w\" sizes=\"auto, (max-width: 1024px) 100vw, 1024px\" \/><\/figure><div class=\"wp-block-media-text__content\">\n<h3 class=\"wp-block-heading\"><strong>METROPOLIS POLICY MAKER AWARD RECIPIENT<\/strong><\/h3>\n\n\n\n<p><strong><mark style=\"background-color:rgba(0, 0, 0, 0);color:#2ab9b9\" class=\"has-inline-color\">Anil Arora<\/mark><\/strong><\/p>\n\n\n\n<p>Chief Statistician of Canada<\/p>\n<\/div><\/div>\n\n\n\n<hr class=\"wp-block-separator has-css-opacity\"\/>\n\n\n\n<h2 class=\"wp-block-heading\">2021 Metropolis CANADA Award Winners<\/h2>\n\n\n\n<div style=\"height:20px\" aria-hidden=\"true\" class=\"wp-block-spacer\"><\/div>\n\n\n\n<div class=\"wp-block-media-text alignwide is-stacked-on-mobile\" style=\"grid-template-columns:21% auto\"><figure class=\"wp-block-media-text__media\"><img loading=\"lazy\" decoding=\"async\" width=\"899\" height=\"900\" src=\"https:\/\/metropolisconference.ca\/wp-content\/uploads\/2021\/03\/Lori-Wilkinson-2.jpg\" alt=\"\" class=\"wp-image-3072 size-full\" srcset=\"https:\/\/metropolisconference.ca\/wp-content\/uploads\/2021\/03\/Lori-Wilkinson-2.jpg 899w, https:\/\/metropolisconference.ca\/wp-content\/uploads\/2021\/03\/Lori-Wilkinson-2-300x300.jpg 300w, https:\/\/metropolisconference.ca\/wp-content\/uploads\/2021\/03\/Lori-Wilkinson-2-150x150.jpg 150w, https:\/\/metropolisconference.ca\/wp-content\/uploads\/2021\/03\/Lori-Wilkinson-2-768x769.jpg 768w, https:\/\/metropolisconference.ca\/wp-content\/uploads\/2021\/03\/Lori-Wilkinson-2-600x601.jpg 600w, https:\/\/metropolisconference.ca\/wp-content\/uploads\/2021\/03\/Lori-Wilkinson-2-100x100.jpg 100w\" sizes=\"auto, (max-width: 899px) 100vw, 899px\" \/><\/figure><div class=\"wp-block-media-text__content\">\n<h3 class=\"wp-block-heading\"><strong>METROPOLIS RESEARCHER AWARD RECIPIENT<\/strong><\/h3>\n\n\n\n<p><strong><span style=\"color:#2ab9b9\" class=\"has-inline-color\">Lori Wilkinson<\/span><\/strong><\/p>\n\n\n\n<p>Professor, University of Manitoba \/ Canada Research West<\/p>\n<\/div><\/div>\n\n\n\n<div style=\"height:20px\" aria-hidden=\"true\" class=\"wp-block-spacer\"><\/div>\n\n\n\n<div class=\"wp-block-media-text alignwide is-stacked-on-mobile\" style=\"grid-template-columns:21% auto\"><figure class=\"wp-block-media-text__media\"><img loading=\"lazy\" decoding=\"async\" width=\"283\" height=\"283\" src=\"https:\/\/metropolisconference.ca\/wp-content\/uploads\/2021\/03\/Tara-Bedard-2.jpg\" alt=\"\" class=\"wp-image-3070 size-full\" srcset=\"https:\/\/metropolisconference.ca\/wp-content\/uploads\/2021\/03\/Tara-Bedard-2.jpg 283w, https:\/\/metropolisconference.ca\/wp-content\/uploads\/2021\/03\/Tara-Bedard-2-150x150.jpg 150w, https:\/\/metropolisconference.ca\/wp-content\/uploads\/2021\/03\/Tara-Bedard-2-100x100.jpg 100w\" sizes=\"auto, (max-width: 283px) 100vw, 283px\" \/><\/figure><div class=\"wp-block-media-text__content\">\n<h3 class=\"wp-block-heading\"><strong>METROPOLIS SERVICE PROVIDER AWARD RECIPIENT<\/strong><\/h3>\n\n\n\n<p><strong><span style=\"color:#2ab9b9\" class=\"has-inline-color\">Tara Bedard<\/span><\/strong><\/p>\n\n\n\n<p>Executive Director of the Waterloo Region Immigration Partnership<\/p>\n<\/div><\/div>\n\n\n\n<div style=\"height:20px\" aria-hidden=\"true\" class=\"wp-block-spacer\"><\/div>\n\n\n\n<div class=\"wp-block-media-text alignwide is-stacked-on-mobile\" style=\"grid-template-columns:21% auto\"><figure class=\"wp-block-media-text__media\"><img loading=\"lazy\" decoding=\"async\" width=\"204\" height=\"204\" src=\"https:\/\/metropolisconference.ca\/wp-content\/uploads\/2021\/03\/Dawn-Edlund-2.jpg\" alt=\"\" class=\"wp-image-3068 size-full\" srcset=\"https:\/\/metropolisconference.ca\/wp-content\/uploads\/2021\/03\/Dawn-Edlund-2.jpg 204w, https:\/\/metropolisconference.ca\/wp-content\/uploads\/2021\/03\/Dawn-Edlund-2-150x150.jpg 150w, https:\/\/metropolisconference.ca\/wp-content\/uploads\/2021\/03\/Dawn-Edlund-2-100x100.jpg 100w\" sizes=\"auto, (max-width: 204px) 100vw, 204px\" \/><\/figure><div class=\"wp-block-media-text__content\">\n<h3 class=\"wp-block-heading\"><strong>METROPOLIS POLICY MAKER AWARD RECIPIENT<\/strong><\/h3>\n\n\n\n<p><strong><span style=\"color:#2ab9b9\" class=\"has-inline-color\">Dawn Edlund<\/span><\/strong><\/p>\n\n\n\n<p>Former Associate Assistant Deputy Minister of Operations, Immigration, Refugees and Citizenship Canada, and Government of Canada Operational Lead for Operation Syrian Refugees (Retired)<\/p>\n<\/div><\/div>\n\n\n\n<hr class=\"wp-block-separator has-css-opacity\"\/>\n\n\n\n<h2 class=\"wp-block-heading\">2020 Metropolis CANADA Award Winners<\/h2>\n\n\n\n<div style=\"height:20px\" aria-hidden=\"true\" class=\"wp-block-spacer\"><\/div>\n\n\n\n<div class=\"wp-block-media-text alignwide is-stacked-on-mobile\" style=\"grid-template-columns:21% auto\"><figure class=\"wp-block-media-text__media\"><img loading=\"lazy\" decoding=\"async\" width=\"2560\" height=\"2560\" src=\"https:\/\/metropolisconference.ca\/wp-content\/uploads\/2021\/02\/Vic-Satzewich-carre-scaled.jpg\" alt=\"\" class=\"wp-image-3042 size-full\" srcset=\"https:\/\/metropolisconference.ca\/wp-content\/uploads\/2021\/02\/Vic-Satzewich-carre-scaled.jpg 2560w, https:\/\/metropolisconference.ca\/wp-content\/uploads\/2021\/02\/Vic-Satzewich-carre-300x300.jpg 300w, https:\/\/metropolisconference.ca\/wp-content\/uploads\/2021\/02\/Vic-Satzewich-carre-1024x1024.jpg 1024w, https:\/\/metropolisconference.ca\/wp-content\/uploads\/2021\/02\/Vic-Satzewich-carre-150x150.jpg 150w, https:\/\/metropolisconference.ca\/wp-content\/uploads\/2021\/02\/Vic-Satzewich-carre-768x768.jpg 768w, https:\/\/metropolisconference.ca\/wp-content\/uploads\/2021\/02\/Vic-Satzewich-carre-1536x1536.jpg 1536w, https:\/\/metropolisconference.ca\/wp-content\/uploads\/2021\/02\/Vic-Satzewich-carre-2048x2048.jpg 2048w, https:\/\/metropolisconference.ca\/wp-content\/uploads\/2021\/02\/Vic-Satzewich-carre-600x600.jpg 600w, https:\/\/metropolisconference.ca\/wp-content\/uploads\/2021\/02\/Vic-Satzewich-carre-100x100.jpg 100w\" sizes=\"auto, (max-width: 2560px) 100vw, 2560px\" \/><\/figure><div class=\"wp-block-media-text__content\">\n<h3 class=\"wp-block-heading\"><strong>METROPOLIS RESEARCHER AWARD RECIPIENT<\/strong><\/h3>\n\n\n\n<p><strong><span style=\"color:#2ab9b9\" class=\"has-inline-color\">Dr. Vic Satzewich<\/span><\/strong><\/p>\n\n\n\n<p>Professor of Sociology, McMaster University<\/p>\n<\/div><\/div>\n\n\n\n<div style=\"height:20px\" aria-hidden=\"true\" class=\"wp-block-spacer\"><\/div>\n\n\n\n<div class=\"wp-block-media-text alignwide is-stacked-on-mobile\" style=\"grid-template-columns:21% auto\"><figure class=\"wp-block-media-text__media\"><img loading=\"lazy\" decoding=\"async\" width=\"862\" height=\"862\" src=\"https:\/\/metropolisconference.ca\/wp-content\/uploads\/2021\/02\/Abdikheir-Ahmed-carre.jpg\" alt=\"\" class=\"wp-image-3045 size-full\" srcset=\"https:\/\/metropolisconference.ca\/wp-content\/uploads\/2021\/02\/Abdikheir-Ahmed-carre.jpg 862w, https:\/\/metropolisconference.ca\/wp-content\/uploads\/2021\/02\/Abdikheir-Ahmed-carre-300x300.jpg 300w, https:\/\/metropolisconference.ca\/wp-content\/uploads\/2021\/02\/Abdikheir-Ahmed-carre-150x150.jpg 150w, https:\/\/metropolisconference.ca\/wp-content\/uploads\/2021\/02\/Abdikheir-Ahmed-carre-768x768.jpg 768w, https:\/\/metropolisconference.ca\/wp-content\/uploads\/2021\/02\/Abdikheir-Ahmed-carre-600x600.jpg 600w, https:\/\/metropolisconference.ca\/wp-content\/uploads\/2021\/02\/Abdikheir-Ahmed-carre-100x100.jpg 100w\" sizes=\"auto, (max-width: 862px) 100vw, 862px\" \/><\/figure><div class=\"wp-block-media-text__content\">\n<h3 class=\"wp-block-heading\"><strong>METROPOLIS SERVICE PROVIDER AWARD RECIPIENT<\/strong><\/h3>\n\n\n\n<p><strong><span style=\"color:#2ab9b9\" class=\"has-inline-color\">Abdikheir Ahmed<\/span><\/strong><\/p>\n\n\n\n<p>Executive Director, Aurora Family Therapy Centre<\/p>\n<\/div><\/div>\n\n\n\n<div style=\"height:20px\" aria-hidden=\"true\" class=\"wp-block-spacer\"><\/div>\n\n\n\n<div class=\"wp-block-media-text alignwide is-stacked-on-mobile\" style=\"grid-template-columns:21% auto\"><figure class=\"wp-block-media-text__media\"><img loading=\"lazy\" decoding=\"async\" width=\"1024\" height=\"1024\" src=\"https:\/\/metropolisconference.ca\/wp-content\/uploads\/2021\/02\/Shamira-Madhany-carre-1024x1024.jpg\" alt=\"\" class=\"wp-image-3047 size-full\" srcset=\"https:\/\/metropolisconference.ca\/wp-content\/uploads\/2021\/02\/Shamira-Madhany-carre-1024x1024.jpg 1024w, https:\/\/metropolisconference.ca\/wp-content\/uploads\/2021\/02\/Shamira-Madhany-carre-300x300.jpg 300w, https:\/\/metropolisconference.ca\/wp-content\/uploads\/2021\/02\/Shamira-Madhany-carre-150x150.jpg 150w, https:\/\/metropolisconference.ca\/wp-content\/uploads\/2021\/02\/Shamira-Madhany-carre-768x768.jpg 768w, https:\/\/metropolisconference.ca\/wp-content\/uploads\/2021\/02\/Shamira-Madhany-carre-1536x1536.jpg 1536w, https:\/\/metropolisconference.ca\/wp-content\/uploads\/2021\/02\/Shamira-Madhany-carre-2048x2048.jpg 2048w, https:\/\/metropolisconference.ca\/wp-content\/uploads\/2021\/02\/Shamira-Madhany-carre-600x600.jpg 600w, https:\/\/metropolisconference.ca\/wp-content\/uploads\/2021\/02\/Shamira-Madhany-carre-100x100.jpg 100w\" sizes=\"auto, (max-width: 1024px) 100vw, 1024px\" \/><\/figure><div class=\"wp-block-media-text__content\">\n<h3 class=\"wp-block-heading\"><strong>METROPOLIS POLICY MAKER AWARD RECIPIENT<\/strong><\/h3>\n\n\n\n<p><strong><span style=\"color:#2ab9b9\" class=\"has-inline-color\">Shamira Madhany<\/span><\/strong><\/p>\n\n\n\n<p>Managing Director, Canada &amp; Deputy Executive Director, World Education Services<\/p>\n<\/div><\/div>\n\n\n\n<hr class=\"wp-block-separator has-css-opacity\"\/>\n\n\n\n<h2 class=\"wp-block-heading\">2019 Metropolis CANADA Award Winners<\/h2>\n\n\n\n<div style=\"height:20px\" aria-hidden=\"true\" class=\"wp-block-spacer\"><\/div>\n\n\n\n<div class=\"wp-block-media-text alignwide is-stacked-on-mobile is-vertically-aligned-center\" style=\"grid-template-columns:21% auto\"><figure class=\"wp-block-media-text__media\"><img loading=\"lazy\" decoding=\"async\" width=\"3532\" height=\"3532\" src=\"https:\/\/metropolisconference.ca\/wp-content\/uploads\/2019\/09\/WendyCukier-highres-1.jpg\" alt=\"\" class=\"wp-image-634 size-full\"\/><\/figure><div class=\"wp-block-media-text__content\">\n<h3 class=\"wp-block-heading\"><strong>Metropolis Researcher Award Recipient<\/strong><\/h3>\n\n\n\n<p class=\"has-text-color\" style=\"color:#2ab9b9\"><strong>Dr. Wendy Cukier<\/strong><\/p>\n\n\n\n<p>Director, Diversity Institute, Ted Rogers School of Management, Ryerson University<\/p>\n<\/div><\/div>\n\n\n\n<div style=\"height:20px\" aria-hidden=\"true\" class=\"wp-block-spacer\"><\/div>\n\n\n\n<div class=\"wp-block-media-text alignwide is-stacked-on-mobile\" style=\"grid-template-columns:21% auto\"><figure class=\"wp-block-media-text__media\"><img loading=\"lazy\" decoding=\"async\" width=\"746\" height=\"747\" src=\"https:\/\/metropolisconference.ca\/wp-content\/uploads\/2019\/09\/Gerry.jpg\" alt=\"\" class=\"wp-image-638 size-full\"\/><\/figure><div class=\"wp-block-media-text__content\">\n<h3 class=\"wp-block-heading\"><strong>Metropolis Service Provider Award Recipient<\/strong><\/h3>\n\n\n\n<p class=\"has-text-color\" style=\"color:#2ab9b9\"><strong>Gerry Mills<\/strong><\/p>\n\n\n\n<p>Former Executive Director of Immigrant Services Association of Nova Scotia (ISANS)<\/p>\n<\/div><\/div>\n\n\n\n<div style=\"height:20px\" aria-hidden=\"true\" class=\"wp-block-spacer\"><\/div>\n\n\n\n<div class=\"wp-block-media-text alignwide is-stacked-on-mobile\" style=\"grid-template-columns:21% auto\"><figure class=\"wp-block-media-text__media\"><img loading=\"lazy\" decoding=\"async\" width=\"3995\" height=\"3994\" src=\"https:\/\/metropolisconference.ca\/wp-content\/uploads\/2019\/09\/Veronique-Lamontagne-1.jpg\" alt=\"\" class=\"wp-image-640 size-full\"\/><\/figure><div class=\"wp-block-media-text__content\">\n<h3 class=\"wp-block-heading\">Metropolis Policy Maker Award Recipient<\/h3>\n\n\n\n<p class=\"has-text-color\" style=\"color:#2ab9b9\"><strong>V\u00e9ronique Lamontagne<\/strong><\/p>\n\n\n\n<p>International Relations Advisor, Responsible for Migration, Human Rights and Climate files, City of Montreal<\/p>\n<\/div><\/div>\n\n\n\n<p><\/p>\n","protected":false},"excerpt":{"rendered":"<p>The Metropolis CANADA Awards of Excellence Winners of Metropolis Awards of Excellence are recognised for their outstanding contributions to the field of immigration and settlement in Canada. 2026 METROPOLIS CANADA AWARD WINNERS METROPOLIS RESEARCHER AWARD RECIPIENT Dr. Rupa Banerjee Canada Chair in Economic Inclusion, Employment &amp; Entrepreneurship of Canada`s Immigrants, Toronto Metropolitan University METROPOLIS SERVICE [&hellip;]<\/p>\n","protected":false},"author":1,"featured_media":0,"parent":0,"menu_order":0,"comment_status":"closed","ping_status":"closed","template":"templates\/post_bg4.php","meta":{"_acf_changed":false,"footnotes":""},"class_list":["post-15","page","type-page","status-publish","hentry"],"acf":[],"jetpack_sharing_enabled":true,"_links":{"self":[{"href":"https:\/\/metropolisconference.ca\/en\/wp-json\/wp\/v2\/pages\/15","targetHints":{"allow":["GET"]}}],"collection":[{"href":"https:\/\/metropolisconference.ca\/en\/wp-json\/wp\/v2\/pages"}],"about":[{"href":"https:\/\/metropolisconference.ca\/en\/wp-json\/wp\/v2\/types\/page"}],"author":[{"embeddable":true,"href":"https:\/\/metropolisconference.ca\/en\/wp-json\/wp\/v2\/users\/1"}],"replies":[{"embeddable":true,"href":"https:\/\/metropolisconference.ca\/en\/wp-json\/wp\/v2\/comments?post=15"}],"version-history":[{"count":23,"href":"https:\/\/metropolisconference.ca\/en\/wp-json\/wp\/v2\/pages\/15\/revisions"}],"predecessor-version":[{"id":24094,"href":"https:\/\/metropolisconference.ca\/en\/wp-json\/wp\/v2\/pages\/15\/revisions\/24094"}],"wp:attachment":[{"href":"https:\/\/metropolisconference.ca\/en\/wp-json\/wp\/v2\/media?parent=15"}],"curies":[{"name":"wp","href":"https:\/\/api.w.org\/{rel}","templated":true}]}}