{"id":3197,"date":"2021-05-12T15:36:26","date_gmt":"2021-05-12T20:36:26","guid":{"rendered":"https:\/\/metropolisconference.ca\/?post_type=event&#038;p=3197"},"modified":"2021-06-25T16:46:45","modified_gmt":"2021-06-25T20:46:45","slug":"limpact-de-la-covid-19-sur-la-migration-et-les-frontieres-au-canada-aux-etats-unis-et-au-mexique","status":"publish","type":"event","link":"https:\/\/metropolisconference.ca\/fr\/evenement\/limpact-de-la-covid-19-sur-la-migration-et-les-frontieres-au-canada-aux-etats-unis-et-au-mexique\/","title":{"rendered":"Forum sur les politiques migratoires de Metropolis Am\u00e9rique du Nord"},"content":{"rendered":"\n<section class=\"wp-block-acerspyro-ca-tab-block\" title=\"R\u00e9sum\u00e9\">\n<h2 class=\"has-text-align-center wp-block-heading\">R\u00c9SUM\u00c9<\/h2>\n\n\n\n<h2 class=\"has-text-align-center wp-block-heading\">L&rsquo;impact de la COVID-19 sur la migration et les fronti\u00e8res au Canada, aux \u00c9tats-Unis et au Mexique<\/h2>\n\n\n\n<div style=\"height:20px\" aria-hidden=\"true\" class=\"wp-block-spacer\"><\/div>\n\n\n\n<p>Le <strong>Forum annuel sur les politiques migratoires de Metropolis Am\u00e9rique du Nord <\/strong>est devenu une importante plateforme trinationale d&rsquo;\u00e9change d&rsquo;id\u00e9es et de pratiques fond\u00e9es sur des donn\u00e9es probantes en mati\u00e8re de migration et d&rsquo;identit\u00e9. Le Forum permet aux participants de partager des connaissances et des le\u00e7ons cl\u00e9s sur les questions de politique aux \u00c9tats-Unis, au Mexique et au Canada. <\/p>\n\n\n\n<p><strong>Les 28 et 29 juin 2021<\/strong>, nous organiserons un forum virtuel visant \u00e0 pr\u00e9senter la recherche du projet financ\u00e9 par les Instituts de recherche en sant\u00e9 du Canada (IRSC) sur les impacts diff\u00e9rentiels de la COVID-19 sur les immigrants, les peuples autochtones et les communaut\u00e9s vuln\u00e9rables dans les trois pays. <\/p>\n\n\n\n<p><strong>Le premier jour, le 28 juin,<\/strong> le Forum proposera des s\u00e9ances qui permettront de comparer les r\u00e9sultats des enqu\u00eates associ\u00e9es au projet de recherche des IRSC entre deux ou trois pays. Les questions qui seront abord\u00e9es sont les suivantes :<\/p>\n\n\n\n<ul class=\"wp-block-list\"><li>Dans quelle mesure les in\u00e9galit\u00e9s socio-\u00e9conomiques auxquelles sont confront\u00e9s les nouveaux arrivants, les peuples autochtones et les communaut\u00e9s vuln\u00e9rables ont-elles influenc\u00e9 leur exp\u00e9rience de la COVID-19 et des restrictions sociales et \u00e9conomiques qui y sont li\u00e9es ? <\/li><li>Existe-t-il des diff\u00e9rences entre les groupes au Mexique, aux \u00c9tats-Unis et au Canada sur ces mesures de sant\u00e9 ? Existe-t-il des similitudes ? Quelles le\u00e7ons pouvons-nous en tirer ? <\/li><li>Comment les r\u00e9glementations impos\u00e9es par le gouvernement dans le cadre de la COVID-19 ont-elles influenc\u00e9 de mani\u00e8re diff\u00e9rente la sant\u00e9 mentale et physique et le bien-\u00eatre des immigrants, des peuples autochtones et des communaut\u00e9s vuln\u00e9rables ?<\/li><\/ul>\n\n\n\n<ul class=\"wp-block-list\"><li>Peur personnelle et communautaire de contracter la COVID-19, par pays et par donn\u00e9es socio-d\u00e9mographiques \/ O\u00f9 sont obtenues les informations sur la COVID-19 et comment elles influencent les attitudes \/ Acceptation du vaccin et h\u00e9sitation \/ Sant\u00e9 mentale et d\u00e9pression \/ Sant\u00e9 physique et sympt\u00f4mes&nbsp;\/ Confiance envers les personnes et les institutions&nbsp;\/ Respect des mesures de s\u00e9curit\u00e9 publique<\/li><li>Acc\u00e8s aux services \/ Finances personnelles et impacts \u00e9conomiques de la COVID-19&nbsp;<\/li><li>Services aux nouveaux arrivants&nbsp;\/ Identit\u00e9, attachement et r\u00e9ponses \u00e0 la crise&nbsp;\/ Discrimination et pr\u00e9jug\u00e9s&nbsp;\/ Relations entre les communaut\u00e9s<\/li><\/ul>\n\n\n\n<p><strong>Le deuxi\u00e8me jour du Forum, le 29 juin,<\/strong> portera sp\u00e9cifiquement sur les mouvements transfrontaliers entre les trois pays. \u00c0 l&rsquo;heure actuelle, les fronti\u00e8res terrestres entre le Canada et les \u00c9tats-Unis restent ferm\u00e9es et il n&rsquo;existe aucun calendrier officiel ni aucune proposition visant \u00e0 rouvrir la fronti\u00e8re terrestre. Des exceptions sont faites pour les mouvements transfrontaliers sous certaines conditions.&nbsp;<\/p>\n\n\n\n<p>La deuxi\u00e8me journ\u00e9e r\u00e9unira des d\u00e9cideurs politiques aux trois niveaux de gouvernement au Canada et aux \u00c9tats-Unis, des repr\u00e9sentants autochtones ainsi que des chercheurs des deux pays afin d&rsquo;examiner les propositions de r\u00e9ouverture de la fronti\u00e8re et les conditions qui pourraient \u00eatre r\u00e9unies pour y parvenir. La journ\u00e9e comprendra deux s\u00e9ances pl\u00e9ni\u00e8res et trois tables rondes auxquelles participeront des maires de la fronti\u00e8re canado-am\u00e9ricaine, des dirigeants autochtones, des chercheurs, des dirigeants d&rsquo;entreprise et des responsables de la sant\u00e9 publique.&nbsp;<\/p>\n\n\n\n<p>Notez qu&rsquo;une publication sera produite sur la base du contenu qui sera pr\u00e9sent\u00e9 par les conf\u00e9renciers lors du Forum.<\/p>\n\n\n\n<p><strong>Pour plus d&rsquo;informations, envoyez un courriel \u00e0 <span style=\"text-decoration: underline;\">metropolis@acs-aec.ca<\/span><\/strong><\/p>\n\n\n\n<div style=\"height:20px\" aria-hidden=\"true\" class=\"wp-block-spacer\"><\/div>\n\n\n\n<div class=\"wp-block-buttons is-content-justification-center is-layout-flex wp-block-buttons-is-layout-flex\">\n<div class=\"wp-block-button\"><a class=\"wp-block-button__link\" href=\"https:\/\/metropolisconference.ca\/fr\/evenement\/limpact-de-la-covid-19-sur-la-migration-et-les-frontieres-au-canada-aux-etats-unis-et-au-mexique\/?view=Inscriptions\"><strong>CLIQUEZ ICI POUR VOUS INSCRIRE<\/strong><\/a><\/div>\n<\/div>\n<\/section>\n\n\n\n<section class=\"wp-block-acerspyro-ca-tab-block\" title=\"Programme\">\n<h2 class=\"has-text-align-center wp-block-heading\">PROGRAMME<\/h2>\n\n\n\n<div style=\"height:20px\" aria-hidden=\"true\" class=\"wp-block-spacer\"><\/div>\n\n\n\n<p class=\"has-text-align-center\"><strong>Cliquez sur le programme ci-dessous pour acc\u00e9der \u00e0 tous les liens Zoom de chaque s\u00e9ance.<\/strong><\/p>\n\n\n\n<div class=\"wp-block-image\"><figure class=\"aligncenter size-large is-resized\"><a href=\"https:\/\/metropolisconference.ca\/wp-content\/uploads\/2021\/06\/Preliminary-Program-MNA-Forum-June-28-29-2021.pdf\" target=\"_blank\" rel=\"noopener\"><img decoding=\"async\" src=\"https:\/\/metropolisconference.ca\/wp-content\/uploads\/2021\/06\/Capture-FR-1.png\" alt=\"\" class=\"wp-image-3339\" height=\"400\" srcset=\"https:\/\/metropolisconference.ca\/wp-content\/uploads\/2021\/06\/Capture-FR-1.png 645w, https:\/\/metropolisconference.ca\/wp-content\/uploads\/2021\/06\/Capture-FR-1-231x300.png 231w, https:\/\/metropolisconference.ca\/wp-content\/uploads\/2021\/06\/Capture-FR-1-600x778.png 600w\" sizes=\"(max-width: 645px) 100vw, 645px\" \/><\/a><\/figure><\/div>\n\n\n\n<div style=\"height:20px\" aria-hidden=\"true\" class=\"wp-block-spacer\"><\/div>\n\n\n\n<div class=\"wp-block-buttons is-content-justification-center is-layout-flex wp-block-buttons-is-layout-flex\">\n<div class=\"wp-block-button\"><a class=\"wp-block-button__link\" href=\"https:\/\/metropolisconference.ca\/wp-content\/uploads\/2021\/06\/Preliminary-Program-MNA-Forum-June-28-29-2021.pdf\" target=\"_blank\" rel=\"noreferrer noopener\"><strong>VOIR LE PROGRAMM<\/strong>E<\/a><\/div>\n<\/div>\n<\/section>\n\n\n\n<section class=\"wp-block-acerspyro-ca-tab-block\" title=\"Inscriptions\">\n<h2 class=\"has-text-align-center wp-block-heading\">INSCRIPTIONS<\/h2>\n\n\n\n<div style=\"height:20px\" aria-hidden=\"true\" class=\"wp-block-spacer\"><\/div>\n\n\n<p>[wctable]<\/p>\n<\/section>\n\n\n\n<section class=\"wp-block-acerspyro-ca-tab-block\" title=\"Espa\u00f1ol\">\n<h2 class=\"has-text-align-center wp-block-heading\">Resumen<\/h2>\n\n\n\n<h2 class=\"has-text-align-center wp-block-heading\">El impacto de COVID-19 en la migraci\u00f3n y las fronteras en Canad\u00e1, Estados Unidos y M\u00e9xico<\/h2>\n\n\n\n<div style=\"height:20px\" aria-hidden=\"true\" class=\"wp-block-spacer\"><\/div>\n\n\n\n<div class=\"wp-block-buttons is-content-justification-center is-layout-flex wp-block-buttons-is-layout-flex\">\n<div class=\"wp-block-button\"><a class=\"wp-block-button__link\" href=\"https:\/\/metropolisconference.ca\/en\/event\/covid-19s-impact-on-migration-and-borders-in-canada-the-usa-and-mexico\/?view=Registration\"><strong>HAGA CLIC AQU\u00cd PARA REGISTRARSE<\/strong><\/a><\/div>\n<\/div>\n\n\n\n<div style=\"height:20px\" aria-hidden=\"true\" class=\"wp-block-spacer\"><\/div>\n\n\n\n<div class=\"wp-block-image\"><figure class=\"aligncenter size-large is-resized\"><a href=\"https:\/\/metropolisconference.ca\/wp-content\/uploads\/2021\/06\/Preliminary-Program-MNA-Forum-June-28-29-2021.pdf\" target=\"_blank\" rel=\"noopener\"><img decoding=\"async\" src=\"https:\/\/metropolisconference.ca\/wp-content\/uploads\/2021\/06\/Capture.png\" alt=\"\" class=\"wp-image-3316\" height=\"400\" srcset=\"https:\/\/metropolisconference.ca\/wp-content\/uploads\/2021\/06\/Capture.png 648w, https:\/\/metropolisconference.ca\/wp-content\/uploads\/2021\/06\/Capture-231x300.png 231w, https:\/\/metropolisconference.ca\/wp-content\/uploads\/2021\/06\/Capture-600x779.png 600w\" sizes=\"(max-width: 648px) 100vw, 648px\" \/><\/a><\/figure><\/div>\n\n\n\n<div style=\"height:20px\" aria-hidden=\"true\" class=\"wp-block-spacer\"><\/div>\n\n\n\n<div class=\"wp-block-buttons is-content-justification-center is-layout-flex wp-block-buttons-is-layout-flex\">\n<div class=\"wp-block-button\"><a class=\"wp-block-button__link\" href=\"https:\/\/metropolisconference.ca\/wp-content\/uploads\/2021\/06\/Preliminary-Program-MNA-Forum-June-28-29-2021.pdf\" target=\"_blank\" rel=\"noreferrer noopener\"><strong>VER EL PROGRAMA<\/strong> (EN INGL\u00c9S O FRANC\u00c9S)<\/a><\/div>\n<\/div>\n\n\n\n<div style=\"height:20px\" aria-hidden=\"true\" class=\"wp-block-spacer\"><\/div>\n\n\n\n<p>El <strong>Foro anual de Pol\u00edticas Migratorias de Metr\u00f3polis Norteam\u00e9rica<\/strong> (MNA) se ha convertido en una importante plataforma de tres pa\u00edses para el intercambio de ideas y pr\u00e1cticas basadas en pruebas sobre migraci\u00f3n e identidades. El Foro permite a los participantes compartir conocimientos y lecciones clave sobre cuestiones pol\u00edticas en Estados Unidos, M\u00e9xico y Canad\u00e1. <\/p>\n\n\n\n<p><strong>Los d\u00edas 28 y 29 de junio de 2021<\/strong> celebraremos un foro virtual destinado a mostrar la investigaci\u00f3n del proyecto financiado por el Canadian Institutes of Health Research (CIHR) sobre los impactos diferenciales del COVID-19 en los inmigrantes, los pueblos ind\u00edgenas y las comunidades vulnerables de los tres pa\u00edses.<\/p>\n\n\n\n<p><strong>El primer d\u00eda, el 28 de junio,<\/strong> el Foro contar\u00e1 con sesiones que ofrecer\u00e1n comparaciones entre dos o tres pa\u00edses de los resultados de las encuestas asociadas al proyecto de investigaci\u00f3n del CIHR. Entre las cuestiones que se abordar\u00e1n figuran:<\/p>\n\n\n\n<ul class=\"wp-block-list\"><li>\u00bfEn qu\u00e9 medida las desigualdades socioecon\u00f3micas a las que se enfrentan los reci\u00e9n llegados, los pueblos ind\u00edgenas y las comunidades vulnerables han influido en su experiencia del COVID-19 y en las restricciones sociales y econ\u00f3micas que conlleva? <\/li><li>\u00bfExisten diferencias entre los grupos de M\u00e9xico, Estados Unidos y Canad\u00e1 en estas medidas de salud? \u00bfHay similitudes? \u00bfQu\u00e9 podemos aprender de ellas? <\/li><li>\u00bfC\u00f3mo han influido las regulaciones impuestas por el gobierno relacionadas con la COVID-19 de manera diferencial en la salud mental, f\u00edsica y el bienestar de los inmigrantes, los pueblos ind\u00edgenas y las comunidades vulnerables?<\/li><li>Temor personal y de la comunidad a contraer COVID-19 por pa\u00eds y caracter\u00edsticas socio demogr\u00e1ficas \/ D\u00f3nde se obtiene la informaci\u00f3n sobre COVID-19 y c\u00f3mo influye en las actitudes \/ Aceptaci\u00f3n de la vacuna y dudas al respecto \/ Salud mental y depresi\u00f3n \/ Salud f\u00edsica y s\u00edntomas&nbsp;\/ Confianza de las personas e instituciones&nbsp;\/ Cumplimiento de las medidas de seguridad p\u00fablica<\/li><li>Acceso a los servicios&nbsp;\/ Finanzas personales e impactos econ\u00f3micos de COVID-19<\/li><li>Servicios a los reci\u00e9n llegados&nbsp;\/ Identidad, apego y respuestas a la crisis&nbsp;\/ Discriminaci\u00f3n y prejuicios&nbsp;\/ Relaciones entre comunidades<\/li><\/ul>\n\n\n\n<p><strong>El segundo d\u00eda del Foro, el 29 de junio<\/strong>, se centrar\u00e1 espec\u00edficamente en la circulaci\u00f3n transfronteriza entre los tres pa\u00edses. En la actualidad, las fronteras terrestres entre Canad\u00e1 y Estados Unidos permanecen cerradas y no existe un calendario oficial ni una propuesta encaminada a reabrir la frontera terrestre. Se hacen excepciones para el movimiento transfronterizo bajo ciertas condiciones.&nbsp;<\/p>\n\n\n\n<p>El segundo d\u00eda reunir\u00e1 a responsables pol\u00edticos de los tres niveles de gobierno de Canad\u00e1 y Estados Unidos, a representantes ind\u00edgenas e investigadores de los dos pa\u00edses para estudiar propuestas de reapertura de la frontera y cu\u00e1les podr\u00edan ser las condiciones para hacerlo. La jornada contar\u00e1 con dos sesiones plenarias y tres mesas redondas en las que participar\u00e1n alcaldes de la frontera entre Estados Unidos y Canad\u00e1, l\u00edderes ind\u00edgenas, investigadores, empresarios y funcionarios de salud p\u00fablica.&nbsp;<\/p>\n\n\n\n<p>Tenga en cuenta que se elaborar\u00e1 una publicaci\u00f3n basada en el contenido que presentar\u00e1n los ponentes del Foro.<\/p>\n\n\n\n<p><strong>Para m\u00e1s informaci\u00f3n, env\u00ede un correo electr\u00f3nico a <span style=\"text-decoration: underline;\">metropolis@acs-aec.ca<\/span>.<\/strong><\/p>\n<\/section>\n\n\n\n<div style=\"height:50px\" aria-hidden=\"true\" class=\"wp-block-spacer\"><\/div>\n\n\n\n<div class=\"wp-block-image\"><figure class=\"aligncenter size-large is-resized\"><a href=\"https:\/\/metropolisconference.ca\/wp-content\/uploads\/2021\/05\/logos-banner-CIHR-conf.png\"><img decoding=\"async\" src=\"https:\/\/metropolisconference.ca\/wp-content\/uploads\/2021\/05\/logos-banner-CIHR-conf-1024x155.png\" alt=\"\" class=\"wp-image-3184\" width=\"600\" srcset=\"https:\/\/metropolisconference.ca\/wp-content\/uploads\/2021\/05\/logos-banner-CIHR-conf-1024x155.png 1024w, https:\/\/metropolisconference.ca\/wp-content\/uploads\/2021\/05\/logos-banner-CIHR-conf-300x45.png 300w, https:\/\/metropolisconference.ca\/wp-content\/uploads\/2021\/05\/logos-banner-CIHR-conf-768x116.png 768w, https:\/\/metropolisconference.ca\/wp-content\/uploads\/2021\/05\/logos-banner-CIHR-conf-600x91.png 600w, https:\/\/metropolisconference.ca\/wp-content\/uploads\/2021\/05\/logos-banner-CIHR-conf.png 1439w\" sizes=\"(max-width: 1024px) 100vw, 1024px\" \/><\/a><\/figure><\/div>\n\n\n\n<p><\/p>\n","protected":false},"excerpt":{"rendered":"","protected":false},"featured_media":3279,"template":"","meta":{"_acf_changed":false,"footnotes":""},"class_list":["post-3197","event","type-event","status-publish","has-post-thumbnail","hentry"],"acf":[],"jetpack_sharing_enabled":true,"_links":{"self":[{"href":"https:\/\/metropolisconference.ca\/fr\/wp-json\/wp\/v2\/event\/3197","targetHints":{"allow":["GET"]}}],"collection":[{"href":"https:\/\/metropolisconference.ca\/fr\/wp-json\/wp\/v2\/event"}],"about":[{"href":"https:\/\/metropolisconference.ca\/fr\/wp-json\/wp\/v2\/types\/event"}],"version-history":[{"count":34,"href":"https:\/\/metropolisconference.ca\/fr\/wp-json\/wp\/v2\/event\/3197\/revisions"}],"predecessor-version":[{"id":3429,"href":"https:\/\/metropolisconference.ca\/fr\/wp-json\/wp\/v2\/event\/3197\/revisions\/3429"}],"wp:featuredmedia":[{"embeddable":true,"href":"https:\/\/metropolisconference.ca\/fr\/wp-json\/wp\/v2\/media\/3279"}],"wp:attachment":[{"href":"https:\/\/metropolisconference.ca\/fr\/wp-json\/wp\/v2\/media?parent=3197"}],"curies":[{"name":"wp","href":"https:\/\/api.w.org\/{rel}","templated":true}]}}