{"id":5908,"date":"2022-04-25T17:27:31","date_gmt":"2022-04-25T21:27:31","guid":{"rendered":"https:\/\/metropolisconference.ca\/?post_type=event&#038;p=5908"},"modified":"2022-10-27T10:44:45","modified_gmt":"2022-10-27T14:44:45","slug":"le-5e-sommet-metropolis-sur-les-identites","status":"publish","type":"event","link":"https:\/\/metropolisconference.ca\/fr\/evenement\/le-5e-sommet-metropolis-sur-les-identites\/","title":{"rendered":"Le 5e Sommet Metropolis sur les identit\u00e9s"},"content":{"rendered":"\n<section class=\"wp-block-acerspyro-ca-tab-block\" title=\"R\u00e9sum\u00e9\">\n<h2 class=\"has-text-align-center wp-block-heading\">R\u00e9sum\u00e9<\/h2>\n\n\n\n<div style=\"height:20px\" aria-hidden=\"true\" class=\"wp-block-spacer\"><\/div>\n\n\n\n<h3 class=\"has-text-align-center wp-block-heading\"><strong>Le 5e Sommet Metropolis sur les identit\u00e9s<\/strong><\/h3>\n\n\n\n<p class=\"has-text-align-center\"><em>(anciennement le Forum de Metropolis sur la mesure des identit\u00e9s)<\/em><\/p>\n\n\n\n<h3 class=\"has-text-align-center has-text-color wp-block-heading\" style=\"color:#305eb2\"><strong>Diversit\u00e9, \u00e9quit\u00e9 et inclusion : Pratiques, politiques et programmes<\/strong><\/h3>\n\n\n\n<p class=\"has-text-align-center\"><strong>19-21 octobre 2022 <\/strong> <strong>(9h-16h30)<\/strong><\/p>\n\n\n\n<p class=\"has-text-align-center\"><strong>Delta Hotels par Marriott, Winnipeg, Manitoba<\/strong><\/p>\n\n\n\n<div style=\"height:20px\" aria-hidden=\"true\" class=\"wp-block-spacer\"><\/div>\n\n\n\n<p>Au cours des cinquante derni\u00e8res ann\u00e9es, le Canada a \u00e9t\u00e9 t\u00e9moin d\u2019une transformation d\u00e9mographique. La diversification des pays sources d&rsquo;immigration a fondamentalement chang\u00e9 la composition de la population du pays.<\/p>\n\n\n\n<p>Pour faire face \u00e0 ces changements continus, il faut de plus en plus s&rsquo;int\u00e9resser aux pratiques, politiques et programmes fond\u00e9s sur des donn\u00e9es probantes qui favorisent la diversit\u00e9, l&rsquo;\u00e9quit\u00e9 et l&rsquo;inclusion. La capacit\u00e9 de suivre les progr\u00e8s en mati\u00e8re de diversit\u00e9, d&rsquo;\u00e9quit\u00e9 et d&rsquo;inclusion est essentielle pour surmonter les obstacles syst\u00e9miques qui restent omnipr\u00e9sents.<\/p>\n\n\n\n<p>Les voix des peuples autochtones sont de plus en plus reconnues et leurs communaut\u00e9s se d\u00e9veloppent, tant dans les r\u00e9serves qu&rsquo;\u00e0 l&rsquo;ext\u00e9rieur. Les deux derni\u00e8res ann\u00e9es ont \u00e9t\u00e9 marqu\u00e9es par des d\u00e9fis importants concernant l&rsquo;impact in\u00e9gal de la pand\u00e9mie mondiale sur les nouveaux arrivants, les groupes racialis\u00e9s\/les minorit\u00e9s visibles et les peuples autochtones. Des \u00e9carts sociaux et \u00e9conomiques croissants sont apparus au cours de la pand\u00e9mie.<\/p>\n\n\n\n<p>R\u00e9cemment, l&rsquo;arriv\u00e9e de r\u00e9fugi\u00e9s en provenance d&rsquo;Afghanistan et d&rsquo;Ukraine a attir\u00e9 l&rsquo;attention sur les besoins des secteurs de l&rsquo;immigration et de la r\u00e9installation des r\u00e9fugi\u00e9s, avec une augmentation consid\u00e9rable du nombre de r\u00e9fugi\u00e9s arrivant au Canada en 2022, cr\u00e9ant des d\u00e9fis in\u00e9dits pour le syst\u00e8me d&rsquo;immigration du Canada.<\/p>\n\n\n\n<p>L&rsquo;atteinte des objectifs de diversit\u00e9, d&rsquo;\u00e9quit\u00e9 et d&rsquo;inclusion exige des m\u00e9thodes, des approches, des strat\u00e9gies et une vision solide. Il faut documenter l&rsquo;\u00e9volution des changements sociaux, \u00e9conomiques et culturels \u00e0 l&rsquo;aide de donn\u00e9es et d&rsquo;analyses quantitatives et qualitatives fiables. Cela demande de r\u00e9fl\u00e9chir \u00e0 l&rsquo;identification, aux identit\u00e9s crois\u00e9es et multiples. Nous avons recueilli un grand nombre de vos suggestions pour formuler l&rsquo;appel \u00e0 propositions et les nombreuses questions \u00e0 aborder dans un environnement en constante \u00e9volution.<\/p>\n\n\n\n<p>Entre le 19 et le 21 octobre 2022, le 5e Sommet sur les identit\u00e9s de Metropolis (anciennement le Forum sur la mesure des identit\u00e9s de Metropolis) aura lieu \u00e0 l&rsquo;h\u00f4tel Delta de Winnipeg, au Manitoba. Nous invitons les d\u00e9cideurs, les chercheurs et les repr\u00e9sentants de la soci\u00e9t\u00e9 civile \u00e0 partager leurs observations, leurs exp\u00e9riences, leurs id\u00e9es et leur expertise en mati\u00e8re de diversit\u00e9, d&rsquo;\u00e9quit\u00e9 et d&rsquo;inclusion.<\/p>\n<\/section>\n\n\n\n<section class=\"wp-block-acerspyro-ca-tab-block\" title=\"Programme\">\n<h2 class=\"has-text-align-center wp-block-heading\">ProgrammE<\/h2>\n\n\n\n<div style=\"height:30px\" aria-hidden=\"true\" class=\"wp-block-spacer\"><\/div>\n\n\n\n<div class=\"wp-block-buttons is-content-justification-center is-layout-flex wp-container-core-buttons-is-layout-16018d1d wp-block-buttons-is-layout-flex\">\n<div class=\"wp-block-button aligncenter\"><a class=\"wp-block-button__link has-white-color has-text-color has-background\" href=\"https:\/\/metropolisconference.ca\/wp-content\/uploads\/2022\/10\/757_AEC_Sommet_Metropolis2022_Programme_Web_V10_LR.pdf\" style=\"background:linear-gradient(135deg,rgb(48,94,178) 0%,rgb(12,191,197) 100%)\" target=\"_blank\" rel=\"noreferrer noopener\"><strong>T\u00e9l\u00e9charger le programme<\/strong><\/a><\/div>\n<\/div>\n\n\n\n<div style=\"height:30px\" aria-hidden=\"true\" class=\"wp-block-spacer\"><\/div>\n\n\n\n<div data-wp-interactive=\"core\/file\" class=\"wp-block-file\"><object data-wp-bind--hidden=\"!state.hasPdfPreview\" hidden class=\"wp-block-file__embed\" data=\"https:\/\/metropolisconference.ca\/wp-content\/uploads\/2022\/10\/757_AEC_Sommet_Metropolis2022_Programme_Web_V10_LR-1.pdf\" type=\"application\/pdf\" style=\"width:100%;height:600px\" aria-label=\"PDF embarqu\u00e9\"><\/object><a href=\"https:\/\/metropolisconference.ca\/wp-content\/uploads\/2022\/10\/757_AEC_Sommet_Metropolis2022_Programme_Web_V10_LR-1.pdf\" class=\"wp-block-file__button\" download aria-describedby=\"wp-block-file--media-984cee48-ea0e-41cb-aa0f-b7e4131a5322\">T\u00e9l\u00e9charger<\/a><\/div>\n\n\n\n<div style=\"height:30px\" aria-hidden=\"true\" class=\"wp-block-spacer\"><\/div>\n<\/section>\n\n\n\n<section class=\"wp-block-acerspyro-ca-tab-block\" title=\" Pr\u00e9sentations\">\n<h2 class=\"has-text-align-center wp-block-heading\">PR\u00c9SENTATIONS POWERPOINT DES CONF\u00c9RENCIERS<\/h2>\n\n\n\n<div style=\"height:20px\" aria-hidden=\"true\" class=\"wp-block-spacer\"><\/div>\n\n\n\n<p class=\"has-text-align-center has-background\" style=\"background-color:#b9d9e3\"><strong>Acc\u00e9dez aux pr\u00e9sentations PowerPoint des conf\u00e9renciers <a href=\"https:\/\/drive.google.com\/drive\/folders\/1J0DANZi_wiCyhQ-E3h_y4Cz--NvHkAHP?usp=sharing\" target=\"_blank\" rel=\"noreferrer noopener\">en cliquant sur ce lien<\/a>.<\/strong><\/p>\n\n\n\n<p class=\"has-text-align-center\"><em>Veuillez noter que nous mettons \u00e0 disposition les pr\u00e9sentations qui nous ont \u00e9t\u00e9 envoy\u00e9es.<\/em><\/p>\n\n\n\n<div style=\"height:30px\" aria-hidden=\"true\" class=\"wp-block-spacer\"><\/div>\n\n\n\n<div style=\"height:20px\" aria-hidden=\"true\" class=\"wp-block-spacer\"><\/div>\n<\/section>\n\n\n\n<section class=\"wp-block-acerspyro-ca-tab-block\" title=\"\u00c9v\u00e9nement sp\u00e9cial\">\n<h2 class=\"has-text-align-center wp-block-heading\">\u00c9v\u00e9nement sp\u00e9cial<\/h2>\n\n\n\n<div style=\"height:20px\" aria-hidden=\"true\" class=\"wp-block-spacer\"><\/div>\n\n\n\n<h2 class=\"wp-block-heading\">Visite du Mus\u00e9e canadien des droits de la personne et R\u00e9ception \u00e0 la conf\u00e9rence du 5e Sommet Metropolis sur les identit\u00e9s<\/h2>\n\n\n\n<h6 class=\"has-text-color wp-block-heading\" style=\"color:#305eb2\"><br><strong>JEUDI 20 OCTOBRE 2022, 17H00 &#8211; 19H00<\/strong><\/h6>\n\n\n\n<h6 class=\"has-text-color wp-block-heading\" style=\"color:#305eb2\">Lieu : Mus\u00e9e canadien des droits de la personne, 85 Asper Way, Winnipeg, Manitoba R3C 0L5<\/h6>\n\n\n\n<p>Inscrivez-vous \u00e0 cette activit\u00e9 organis\u00e9e au Mus\u00e9e canadien des droits de la personne. L&rsquo;\u00e9v\u00e9nement comprendra une visite priv\u00e9e en groupe d&rsquo;un certain nombre de galeries du mus\u00e9e et sera suivi d&rsquo;un cocktail avec rafra\u00eechissements et hors-d&rsquo;\u0153uvres ainsi que de la pr\u00e9sence d&rsquo;un invit\u00e9 de marque.<\/p>\n\n\n\n<div style=\"height:20px\" aria-hidden=\"true\" class=\"wp-block-spacer\"><\/div>\n<\/section>\n\n\n\n<section class=\"wp-block-acerspyro-ca-tab-block\" title=\"Partenaire, Commanditaire, Annonceur, Exposant\">\n<h2 class=\"has-text-align-center wp-block-heading\">Devenez un Partenaire, Commanditaire, Annonceur, Exposant \u00e0 la conf\u00e9rence<\/h2>\n\n\n\n<div style=\"height:20px\" aria-hidden=\"true\" class=\"wp-block-spacer\"><\/div>\n\n\n\n<p>Pour r\u00e9pondre aux changements en cours dans notre soci\u00e9t\u00e9, il est de plus en plus n\u00e9cessaire de s&rsquo;int\u00e9resser aux pratiques, politiques et programmes fond\u00e9s sur des donn\u00e9es probantes qui favorisent la diversit\u00e9, l&rsquo;\u00e9quit\u00e9 et l&rsquo;inclusion. La capacit\u00e9 de suivre les progr\u00e8s en mati\u00e8re de diversit\u00e9, d&rsquo;\u00e9quit\u00e9 et d&rsquo;inclusion, qui sont essentiels pour surmonter les obstacles syst\u00e9miques qui restent omnipr\u00e9sents.<br>Entrez en contact avec les parties prenantes et les d\u00e9cideurs politiques, les chercheurs et les repr\u00e9sentants de la soci\u00e9t\u00e9 civile qui partagent leurs observations, leurs exp\u00e9riences, leurs id\u00e9es et leur expertise en mati\u00e8re de diversit\u00e9, d&rsquo;\u00e9quit\u00e9 et d&rsquo;inclusion en devenant partenaire de la conf\u00e9rence, commanditaire, annonceur et\/ou exposant.<br>Le 5e Sommet Metropolis sur les identit\u00e9s pr\u00e9sentera des conf\u00e9renciers principaux, des s\u00e9ances pl\u00e9ni\u00e8res de premier plan et plus de 70 s\u00e9ances panel et ateliers auxquels participeront d&rsquo;\u00e9minents conf\u00e9renciers et experts de partout au Canada sur une grande vari\u00e9t\u00e9 de sujets li\u00e9s \u00e0 la diversit\u00e9, \u00e0 l&rsquo;\u00e9quit\u00e9 et \u00e0 l&rsquo;inclusion.<br>Les partenaires, les commanditaires, les annonceurs et les exposants b\u00e9n\u00e9ficieront d&rsquo;un acc\u00e8s direct aux d\u00e9l\u00e9gu\u00e9s des trois niveaux de gouvernement, des ONG, des fournisseurs de services aux immigrants et des organisations communautaires, du milieu universitaire et du secteur priv\u00e9. Plus de 600 d\u00e9l\u00e9gu\u00e9s de toutes les r\u00e9gions du Canada seront pr\u00e9sents. Vous pouvez pr\u00e9senter votre mat\u00e9riel \u00e9ducatif, vos recherches, vos produits et services et \u00e9tablir un r\u00e9seau direct avec ce public tr\u00e8s cibl\u00e9.<br>Pour r\u00e9server un espace d&rsquo;exposition ou pour obtenir de plus amples renseignements sur les possibilit\u00e9s de partenariat ou de promotion, veuillez communiquer avec James Ondrick au (514) 925-3097 ou par courriel \u00e0 james.ondrick@acs-aec.ca.<\/p>\n<\/section>\n\n\n\n<section class=\"wp-block-acerspyro-ca-tab-block\" title=\"Chambre d'h\u00f4tel\">\n<h2 class=\"has-text-align-center wp-block-heading\">R\u00e9server une CHAMBRE D&rsquo;H\u00d4TEL<\/h2>\n\n\n\n<div style=\"height:20px\" aria-hidden=\"true\" class=\"wp-block-spacer\"><\/div>\n\n\n\n<h2 class=\"wp-block-heading\">\u2022&nbsp;Delta Hotels Winnipeg &#8211; <span style=\"text-decoration: underline;\">COMPLET<\/span><\/h2>\n\n\n\n<p><em>350 St Mary Avenue Winnipeg, Manitoba R3C 3J2<\/em><\/p>\n\n\n\n<p>T\u00e9l : +1 204 942-0551  |  <a href=\"https:\/\/www.marriott.com\/en-us\/hotels\/ywgdw-delta-hotels-winnipeg\/overview\/\" target=\"_blank\" rel=\"noopener\">https:\/\/www.marriott.com\/<\/a><\/p>\n\n\n\n<p><strong>Les chambres d&rsquo;h\u00f4tel sont disponibles au tarif sp\u00e9cial de la conf\u00e9rence \u00e0 partir de 149 $ par nuit.<\/strong><\/p>\n\n\n\n<p><strong><mark style=\"background-color:rgba(0, 0, 0, 0);color:#355cb4\" class=\"has-inline-color\">&gt; Pour r\u00e9server une chambre d&rsquo;h\u00f4tel :&nbsp;<\/mark><\/strong><mark style=\"background-color:rgba(0, 0, 0, 0);color:#355cb4\" class=\"has-inline-color\"><strong><a href=\"https:\/\/www.marriott.com\/events\/start.mi?id=1664211626707&amp;key=GRP\" target=\"_blank\" rel=\"noreferrer noopener\">CLIQUEZ ICI<\/a><\/strong><\/mark><\/p>\n\n\n\n<p>La date limite pour obtenir le tarif sp\u00e9cial de la conf\u00e9rence est le <strong><mark style=\"background-color:rgba(0, 0, 0, 0)\" class=\"has-inline-color has-vivid-red-color\">25 septembre 2022<\/mark><\/strong>. <span style=\"text-decoration: underline;\">Le nombre de chambres disponibles est limit\u00e9<\/span>. Apr\u00e8s le 25 septembre, le tarif et\/ou la disponibilit\u00e9 des chambres ne sont plus garantis.<\/p>\n\n\n\n<div style=\"height:10px\" aria-hidden=\"true\" class=\"wp-block-spacer\"><\/div>\n\n\n\n<h2 class=\"wp-block-heading\">\u2022&nbsp;Alt Hotel Winnipeg<\/h2>\n\n\n\n<p><em>310 Donald St, Winnipeg, MB R3B 2B9<\/em><\/p>\n\n\n\n<p>T\u00e9l : +1 (431) 800-4279  |  <a href=\"https:\/\/www.germainhotels.com\/en\/alt-hotel\/winnipeg\" target=\"_blank\" rel=\"noreferrer noopener\">https:\/\/www.germainhotels.com\/en\/alt-hotel\/winnipeg<\/a><\/p>\n\n\n\n<p><strong>Les chambres d&rsquo;h\u00f4tel sont disponibles au tarif sp\u00e9cial de la conf\u00e9rence \u00e0 partir de 149 $ par nuit.<\/strong><\/p>\n\n\n\n<p class=\"has-text-color\" style=\"color:#305eb2\"><strong>&gt; Pour r\u00e9server une chambre d&rsquo;h\u00f4tel :&nbsp;<a href=\"https:\/\/reservations.travelclick.com\/97435?groupID=3538946\" target=\"_blank\" rel=\"noreferrer noopener\">CLIQUEZ ICI<\/a><\/strong><\/p>\n\n\n\n<p>La date limite pour obtenir le tarif sp\u00e9cial de la conf\u00e9rence est le <strong><mark style=\"background-color:rgba(0, 0, 0, 0)\" class=\"has-inline-color has-vivid-red-color\">25 septembre 2022<\/mark><\/strong>. <span style=\"text-decoration: underline;\">Le nombre de chambres disponibles est limit\u00e9<\/span>. Apr\u00e8s le 25 septembre, le tarif et\/ou la disponibilit\u00e9 des chambres ne sont plus garantis.<\/p>\n\n\n\n<div style=\"height:10px\" aria-hidden=\"true\" class=\"wp-block-spacer\"><\/div>\n\n\n\n<h2 class=\"wp-block-heading\">\u2022&nbsp;Radisson Hotel Winnipeg Downtown<\/h2>\n\n\n\n<p><em>288 Portage Avenue, Winnipeg, Manitoba R3C0B8<\/em><\/p>\n\n\n\n<p>T\u00e9l : +1 (431) 441-5292  |  <a href=\"https:\/\/www.radissonhotels.com\/en-us\/hotels\/radisson-winnipeg-downtown\" target=\"_blank\" rel=\"noreferrer noopener\">https:\/\/www.radissonhotels.com\/en-us\/hotels\/radisson-winnipeg-downtown<\/a><\/p>\n\n\n\n<p><strong>Les chambres d&rsquo;h\u00f4tel sont disponibles au tarif sp\u00e9cial de la conf\u00e9rence \u00e0 partir de 169 $ par nuit.<\/strong><\/p>\n\n\n\n<p class=\"has-text-color\" style=\"color:#305eb2\"><strong>&gt; Pour r\u00e9server une chambre d&rsquo;h\u00f4tel :&nbsp;<a href=\"https:\/\/www.radissonhotelsamericas.com\/en-us\/hotels\/radisson-winnipeg-downtown?checkInDate=2022-10-17&amp;checkOutDate=2022-10-21&amp;adults%5B%5D=1&amp;children%5B%5D=0&amp;searchType=pac&amp;promotionCode=ACSTU\" target=\"_blank\" rel=\"noreferrer noopener\">CLIQUEZ ICI<\/a><\/strong><\/p>\n\n\n\n<p>Saisissez le code \u00ab\u00a0<strong>ACSTU<\/strong>\u00a0\u00bb dans le menu d\u00e9roulant sous \u00ab\u00a0Code promotionnel\u00a0\u00bb s&rsquo;il n&rsquo;y figure pas d\u00e9j\u00e0.<\/p>\n\n\n\n<p>La date limite pour obtenir le tarif sp\u00e9cial de la conf\u00e9rence est le <strong><mark style=\"background-color:rgba(0, 0, 0, 0)\" class=\"has-inline-color has-vivid-red-color\">7 octobre 2022<\/mark><\/strong>. <span style=\"text-decoration: underline;\">Le nombre de chambres disponibles est limit\u00e9<\/span>. Apr\u00e8s le 7 octobre, le tarif et\/ou la disponibilit\u00e9 des chambres ne sont plus garantis.<\/p>\n<\/section>\n\n\n\n<div style=\"height:50px\" aria-hidden=\"true\" class=\"wp-block-spacer\"><\/div>\n\n\n\n<div class=\"wp-block-image\"><figure class=\"aligncenter size-large\"><a href=\"https:\/\/metropolisconference.ca\/wp-content\/uploads\/2022\/10\/Partners-logos-2.jpg\"><img loading=\"lazy\" decoding=\"async\" width=\"1024\" height=\"273\" src=\"https:\/\/metropolisconference.ca\/wp-content\/uploads\/2022\/10\/Partners-logos-2-1024x273.jpg\" alt=\"\" class=\"wp-image-7455\" srcset=\"https:\/\/metropolisconference.ca\/wp-content\/uploads\/2022\/10\/Partners-logos-2-1024x273.jpg 1024w, https:\/\/metropolisconference.ca\/wp-content\/uploads\/2022\/10\/Partners-logos-2-300x80.jpg 300w, https:\/\/metropolisconference.ca\/wp-content\/uploads\/2022\/10\/Partners-logos-2-768x205.jpg 768w, https:\/\/metropolisconference.ca\/wp-content\/uploads\/2022\/10\/Partners-logos-2-1536x409.jpg 1536w, https:\/\/metropolisconference.ca\/wp-content\/uploads\/2022\/10\/Partners-logos-2-600x160.jpg 600w, https:\/\/metropolisconference.ca\/wp-content\/uploads\/2022\/10\/Partners-logos-2.jpg 1883w\" sizes=\"auto, (max-width: 1024px) 100vw, 1024px\" \/><\/a><\/figure><\/div>\n\n\n\n<div style=\"height:50px\" aria-hidden=\"true\" class=\"wp-block-spacer\"><\/div>\n\n\n\n<p><\/p>\n","protected":false},"excerpt":{"rendered":"","protected":false},"featured_media":5909,"template":"","meta":{"_acf_changed":false,"footnotes":""},"class_list":["post-5908","event","type-event","status-publish","has-post-thumbnail","hentry"],"acf":[],"jetpack_sharing_enabled":true,"_links":{"self":[{"href":"https:\/\/metropolisconference.ca\/fr\/wp-json\/wp\/v2\/event\/5908","targetHints":{"allow":["GET"]}}],"collection":[{"href":"https:\/\/metropolisconference.ca\/fr\/wp-json\/wp\/v2\/event"}],"about":[{"href":"https:\/\/metropolisconference.ca\/fr\/wp-json\/wp\/v2\/types\/event"}],"version-history":[{"count":71,"href":"https:\/\/metropolisconference.ca\/fr\/wp-json\/wp\/v2\/event\/5908\/revisions"}],"predecessor-version":[{"id":7679,"href":"https:\/\/metropolisconference.ca\/fr\/wp-json\/wp\/v2\/event\/5908\/revisions\/7679"}],"wp:featuredmedia":[{"embeddable":true,"href":"https:\/\/metropolisconference.ca\/fr\/wp-json\/wp\/v2\/media\/5909"}],"wp:attachment":[{"href":"https:\/\/metropolisconference.ca\/fr\/wp-json\/wp\/v2\/media?parent=5908"}],"curies":[{"name":"wp","href":"https:\/\/api.w.org\/{rel}","templated":true}]}}