{"id":6461,"date":"2022-06-07T12:22:52","date_gmt":"2022-06-07T16:22:52","guid":{"rendered":"https:\/\/metropolisconference.ca\/?post_type=event&#038;p=6461"},"modified":"2022-06-21T14:04:24","modified_gmt":"2022-06-21T18:04:24","slug":"repondre-a-la-crise-des-refugies-afghans-aux-etats-unis-et-au-canada","status":"publish","type":"event","link":"https:\/\/metropolisconference.ca\/fr\/evenement\/repondre-a-la-crise-des-refugies-afghans-aux-etats-unis-et-au-canada\/","title":{"rendered":"R\u00e9pondre \u00e0 la crise des r\u00e9fugi\u00e9s afghans aux \u00c9tats-Unis et au Canada"},"content":{"rendered":"\n<section class=\"wp-block-acerspyro-ca-tab-block\" title=\"R\u00e9sum\u00e9\">\n<h2 class=\"has-text-align-center wp-block-heading\">R\u00e9sum\u00e9<\/h2>\n\n\n\n<div style=\"height:10px\" aria-hidden=\"true\" class=\"wp-block-spacer\"><\/div>\n\n\n\n<h2 class=\"has-text-align-center has-text-color wp-block-heading\" style=\"color:#136b35;font-style:normal;font-weight:700\"><strong>R\u00e9pondre \u00e0 la crise des r\u00e9fugi\u00e9s afghans aux \u00c9tats-Unis et au Canada<\/strong><\/h2>\n\n\n\n<p class=\"has-text-align-center has-text-color has-medium-font-size\" style=\"color:#136b35\"><strong>Webinaire en ligne le 20 juin 2022<\/strong><\/p>\n\n\n\n<p class=\"has-text-align-center\">11h00 \u2013 14h15 (HNE) | 8h00 &#8211; 11h15 (HNP)<\/p>\n\n\n\n<div style=\"height:10px\" aria-hidden=\"true\" class=\"wp-block-spacer\"><\/div>\n\n\n\n<p>Pour marquer la Journ\u00e9e mondiale des r\u00e9fugi\u00e9s, <strong>Metropolis CARE<\/strong> (Coalition d&rsquo;aide aux r\u00e9fugi\u00e9s pour l&rsquo;entr\u00e9e et l&rsquo;\u00e9tablissement), une initiative de l&rsquo;<strong>Institut Metropolis<\/strong>, tiendra un webinaire le 20 juin, entre 11h00 et 14h15 (HNE).<\/p>\n\n\n\n<p>Le webinaire intitul\u00e9 <strong><em>R\u00e9pondre \u00e0 la crise des r\u00e9fugi\u00e9s afghans aux \u00c9tats-Unis et au Canada<\/em><\/strong> vise \u00e0 encourager la coop\u00e9ration entre les d\u00e9cideurs politiques, les chercheurs et les organisations de la soci\u00e9t\u00e9 civile afin de soutenir les meilleures pratiques pour r\u00e9pondre aux besoins des r\u00e9fugi\u00e9s afghans dans nos deux pays. Le programme comprend une s\u00e9ance de panel et une discussion sous forme de table ronde sur les attitudes envers les r\u00e9fugi\u00e9s au Canada et la r\u00e9ponse aux d\u00e9fis rencontr\u00e9s par les r\u00e9fugi\u00e9s afghans aux \u00c9tats-Unis.<\/p>\n\n\n\n<div style=\"height:10px\" aria-hidden=\"true\" class=\"wp-block-spacer\"><\/div>\n<\/section>\n\n\n\n<section class=\"wp-block-acerspyro-ca-tab-block\" title=\"Programme\">\n<h2 class=\"has-text-align-center wp-block-heading\">PROGRAMme<\/h2>\n\n\n\n<div style=\"height:20px\" aria-hidden=\"true\" class=\"wp-block-spacer\"><\/div>\n\n\n\n<div class=\"wp-block-buttons is-horizontal is-content-justification-space-between is-nowrap is-layout-flex wp-container-core-buttons-is-layout-044bd602 wp-block-buttons-is-layout-flex\">\n<div class=\"wp-block-button has-custom-font-size aligncenter has-medium-font-size\"><a class=\"wp-block-button__link has-background\" href=\"https:\/\/metropolisconference.ca\/wp-content\/uploads\/2022\/06\/Webinaire-Refugies-Afghans-20-juin-2022.docx.pdf\" style=\"background-color:#136b35\" target=\"_blank\" rel=\"noreferrer noopener\"><strong>VOIR LE PROGRAMME COMPLET<\/strong><\/a><\/div>\n<\/div>\n\n\n\n<div style=\"height:10px\" aria-hidden=\"true\" class=\"wp-block-spacer\"><\/div>\n\n\n\n<h2 class=\"wp-block-heading\">DISCOURS D&rsquo;OUVERTURE<\/h2>\n\n\n\n<p><em>11h00 &#8211; 11h15 (HNE) \/ 8h00 &#8211; 8h15 (HNP)<\/em><\/p>\n\n\n\n<div style=\"height:10px\" aria-hidden=\"true\" class=\"wp-block-spacer\"><\/div>\n\n\n\n<h2 class=\"wp-block-heading\">PANEL 1 (S\u00c9ANCE DE PANEL)<\/h2>\n\n\n\n<p><em>11h15 &#8211; 12h30 (HNE) \/ 8h15 &#8211; 9h30 (HNP)<\/em><\/p>\n\n\n\n<p class=\"has-text-color has-medium-font-size\" style=\"color:#136b35\"><strong>Accueillir les r\u00e9fugi\u00e9s afghans au Canada et aux \u00c9tats-Unis<\/strong><\/p>\n\n\n\n<div style=\"height:10px\" aria-hidden=\"true\" class=\"wp-block-spacer\"><\/div>\n\n\n\n<h2 class=\"wp-block-heading\">Panel 2 (DISCUSSION SOUS FORME DE TABLE RONDE)<\/h2>\n\n\n\n<p><em>12h45 &#8211; 14h00 (HNE) \/ 9h45 &#8211; 11h00 (HNP)<\/em><\/p>\n\n\n\n<p class=\"has-text-color has-medium-font-size\" style=\"color:#136b35\"><strong><strong>Relever les d\u00e9fis auxquels sont confront\u00e9s les r\u00e9fugi\u00e9s afghans aux \u00c9tats-Unis et au Canada<\/strong><\/strong><\/p>\n\n\n\n<div style=\"height:10px\" aria-hidden=\"true\" class=\"wp-block-spacer\"><\/div>\n\n\n\n<h2 class=\"wp-block-heading\">MOT DE CL\u00d4TURE<\/h2>\n\n\n\n<p><em>14h00 &#8211; 14h15 (HNE) \/ 11h00 &#8211; 11h15 (HNP)<\/em><\/p>\n<\/section>\n\n\n\n<section class=\"wp-block-acerspyro-ca-tab-block\" title=\"Enregistrement et pr\u00e9sentations\">\n<h2 class=\"has-text-align-center wp-block-heading\">ENREGISTREMENT ET PR\u00c9SENTATIONS<\/h2>\n\n\n\n<div style=\"height:20px\" aria-hidden=\"true\" class=\"wp-block-spacer\"><\/div>\n\n\n\n<div class=\"wp-block-buttons is-layout-flex wp-block-buttons-is-layout-flex\">\n<div class=\"wp-block-button aligncenter\"><a class=\"wp-block-button__link has-background\" href=\"https:\/\/youtu.be\/WwoRxqEb2cM\" style=\"background-color:#136b35\" target=\"_blank\" rel=\"noreferrer noopener\"><mark style=\"background-color:rgba(0, 0, 0, 0)\" class=\"has-inline-color has-white-color\"><strong><mark style=\"background-color:rgba(0, 0, 0, 0)\" class=\"has-inline-color has-white-color\"><strong>VISIONNER L&rsquo;ENREGISTREMENT VID\u00c9O DU WEBINAIRE<\/strong><\/mark><\/strong><\/mark><\/a><\/div>\n<\/div>\n\n\n\n<div style=\"height:30px\" aria-hidden=\"true\" class=\"wp-block-spacer\"><\/div>\n\n\n\n<h2 class=\"wp-block-heading\">RETROUVEZ LES PR\u00c9SENTATIONS DES CONF\u00c9RENCIERS<\/h2>\n\n\n\n<p class=\"has-medium-font-size\"><strong><a href=\"https:\/\/metropolisconference.ca\/wp-content\/uploads\/2022\/06\/Wendy-Cukier-METROPOLIS-AFGHAN-ISSUEs.pdf\" target=\"_blank\" rel=\"noreferrer noopener\">Wendy Cukier<\/a><\/strong><\/p>\n\n\n\n<p><em>Comit\u00e9 fondateur &#8211; Lifeline Afghanistan \/ Professeure, Entrepreneuriat et strat\u00e9gie, Fondatrice et directrice acad\u00e9mique du Diversity Institute, Ted Rogers School of Management, Toronto, Canada<\/em><\/p>\n\n\n\n<div style=\"height:5px\" aria-hidden=\"true\" class=\"wp-block-spacer\"><\/div>\n\n\n\n<p class=\"has-medium-font-size\"><strong><a href=\"https:\/\/metropolisconference.ca\/wp-content\/uploads\/2022\/06\/Aziz-Rahman-Rafiee-Rapid-Survey-Presentaton-Refugee-day-June-20-2022.pdf\" target=\"_blank\" rel=\"noreferrer noopener\">Aziz Rafee<\/a><\/strong><\/p>\n\n\n\n<p><em>Directeur ex\u00e9cutif, Afghan Civil Society Forum-organization<\/em><\/p>\n\n\n\n<div style=\"height:5px\" aria-hidden=\"true\" class=\"wp-block-spacer\"><\/div>\n\n\n\n<p class=\"has-medium-font-size\"><strong><a href=\"https:\/\/metropolisconference.ca\/wp-content\/uploads\/2022\/06\/Rebecca-Fishman-UpGlo_Metropolis-Webinar_June-20-2022.pdf\" target=\"_blank\" rel=\"noreferrer noopener\">Rebecca Fishman<\/a><\/strong><\/p>\n\n\n\n<p><em>Cheffe de projets sp\u00e9ciaux et coordinatrice de la r\u00e9ponse afghane, Upwardly Global, \u00c9tats-Unis<\/em><\/p>\n\n\n\n<div style=\"height:5px\" aria-hidden=\"true\" class=\"wp-block-spacer\"><\/div>\n\n\n\n<p class=\"has-medium-font-size\"><strong><a href=\"https:\/\/metropolisconference.ca\/wp-content\/uploads\/2022\/06\/Lori-Wilkinson-ACS-afghan-refugee-day-june-2022.pdf\" target=\"_blank\" rel=\"noreferrer noopener\">Lori Wilkinson<\/a><\/strong><\/p>\n\n\n\n<p><em>Chaire de recherche du Canada sur l&rsquo;avenir des migrations, Professeure, Universit\u00e9 du Manitoba, Winnipeg, Manitoba, Canada<\/em><\/p>\n\n\n\n<div style=\"height:5px\" aria-hidden=\"true\" class=\"wp-block-spacer\"><\/div>\n\n\n\n<p class=\"has-medium-font-size\"><strong><a href=\"https:\/\/metropolisconference.ca\/wp-content\/uploads\/2022\/06\/Beth-Frank-June-20-Webinar_SCP_Responding-to-the-Afghan-Refugee-Crisis.pdf\" target=\"_blank\" rel=\"noreferrer noopener\">Elizabeth Frank<\/a><\/strong><\/p>\n\n\n\n<p><em>Directrice, Sponsor Circle Program, Community Sponsorship Hub, \u00c9tats-Unis<\/em><\/p>\n\n\n\n<div style=\"height:20px\" aria-hidden=\"true\" class=\"wp-block-spacer\"><\/div>\n<\/section>\n\n\n\n<div style=\"height:50px\" aria-hidden=\"true\" class=\"wp-block-spacer\"><\/div>\n","protected":false},"excerpt":{"rendered":"","protected":false},"featured_media":6464,"template":"","meta":{"_acf_changed":false,"footnotes":""},"class_list":["post-6461","event","type-event","status-publish","has-post-thumbnail","hentry"],"acf":[],"jetpack_sharing_enabled":true,"_links":{"self":[{"href":"https:\/\/metropolisconference.ca\/fr\/wp-json\/wp\/v2\/event\/6461","targetHints":{"allow":["GET"]}}],"collection":[{"href":"https:\/\/metropolisconference.ca\/fr\/wp-json\/wp\/v2\/event"}],"about":[{"href":"https:\/\/metropolisconference.ca\/fr\/wp-json\/wp\/v2\/types\/event"}],"version-history":[{"count":18,"href":"https:\/\/metropolisconference.ca\/fr\/wp-json\/wp\/v2\/event\/6461\/revisions"}],"predecessor-version":[{"id":6568,"href":"https:\/\/metropolisconference.ca\/fr\/wp-json\/wp\/v2\/event\/6461\/revisions\/6568"}],"wp:featuredmedia":[{"embeddable":true,"href":"https:\/\/metropolisconference.ca\/fr\/wp-json\/wp\/v2\/media\/6464"}],"wp:attachment":[{"href":"https:\/\/metropolisconference.ca\/fr\/wp-json\/wp\/v2\/media?parent=6461"}],"curies":[{"name":"wp","href":"https:\/\/api.w.org\/{rel}","templated":true}]}}